{"id":1591,"date":"2023-02-08T00:45:32","date_gmt":"2023-02-08T00:45:32","guid":{"rendered":"https:\/\/chefdaniel.de\/?post_type=tribe_events&#038;p=1591"},"modified":"2023-02-22T17:29:24","modified_gmt":"2023-02-22T17:29:24","slug":"winzza-auf-dem-pferdefestival","status":"publish","type":"tribe_events","link":"https:\/\/chefdaniel.de\/?tribe_events=winzza-auf-dem-pferdefestival","title":{"rendered":"Winzza auf dem Pferdefestival"},"content":{"rendered":"<h2><span style=\"font-family: helvetica, arial, sans-serif;\">Ein Festival der Inklusion mitten im Wald mit einem bunten Mix an Musik Genres an der Mosel. <\/span><\/h2>\n<h4><span style=\"font-family: helvetica, arial, sans-serif;\">Alles haben Sie ein gemein und zwar die Freiheit an sich. Das Festival steht unter dem Motto Inklusive und deshalb sind wir hier besonders gern dabei. Also mitten richtigen Pferden hat es nichts zu tun, sondern vielmehr mit Pferdepunks.<\/span><\/h4>\n<p><span style=\"font-family: helvetica, arial, sans-serif;\">Das Pferdefest wird von einer undefinierbaren, organisch gewachsenen Gruppe von Menschen organisiert. Jede*r darf mitmachen, jede*r ist eingeladen \u2013 die Freude am Machen verbindet die Menschen und spiegelt den offenen Charakter des Pferdefestivals wider.<\/span><\/p>\n<p><span style=\"font-family: helvetica, arial, sans-serif;\">Dieses Jahr unterst\u00fctzen wir mit unserer regionalen und frischen Winzza dieses Event und freuen uns auf ein erlbnisreichers Wochenende an der Mosel mit dir.<\/span><\/p>\n<h3><span style=\"font-family: helvetica, arial, sans-serif;\">Save the DATE 11-13.August 2023<\/span><\/h3>\n<p><span style=\"font-family: helvetica, arial, sans-serif;\">Karte &amp; mehr Infos gibt es <a href=\"https:\/\/www.pferdefest.de\">hier<\/a><\/span><\/p>\n<p style=\"text-align: center;\"><iframe loading=\"lazy\" src=\"\/\/www.youtube.com\/embed\/cbtsA-VVwIA\" width=\"560\" height=\"314\" allowfullscreen=\"allowfullscreen\"><\/iframe><\/p>\n<p style=\"text-align: center;\"><span style=\"font-family: helvetica, arial, sans-serif;\"><a href=\"https:\/\/chefdaniel.de\/?post_type=tribe_events\" target=\"_blank\" rel=\"noopener\">mehr Winzza Veranstaltungen<\/a><\/span><\/p>\n<h4 style=\"text-align: center;\"><span style=\"font-family: helvetica, arial, sans-serif;\">more about Winzza:<\/span><\/h4>\n<p style=\"text-align: center;\"><span style=\"font-family: helvetica, arial, sans-serif; color: #999999;\">Winzza ist ein mobiles Foodkonzept mit dem passendem Snack zum Wein. Unsere Winzza ist \u00a0knusprig wie ein Flammkuchen und dabei fluffig wie eine Pizza mit regional typischen Toppings belegt. So bringen wir beliebte Klassiker, wie den roten Spundek\u00e4se neu interpretiert auf den Tisch oder besser gesagt auf die Winzza. Der kreative Kopf bei Winzza, Chef Daniel ist immer auf der Suche nach dem perfekten Flavor Pairing. \u00a0Da Saisonalit\u00e4t und Regionalit\u00e4t bei uns gro\u00df geschrieben gibt es immer wechselnde Winzza Sorten, auf die dich freuen kannst. So wird auch f\u00fcr unserer Winzza Fans nicht langweilig. Wir freuen uns regionale Klassiker, wie Handk\u00e4se neu zu interpretieren oder \u00a0auch mal gr\u00fcne So\u00dfe auf die Winzza zu packen. Mit regionalen und saisonalen Bel\u00e4gen, bringen wir Abwechslung auf deinen Speiseplan. Dem derzeitigen Ern\u00e4hrungstrend gerecht werdend findet ihr bei uns auch immer eine vegan und pflanzenbasierte Sorte auf der Karte.\u00a0<\/span><\/p>\n","protected":false},"excerpt":{"rendered":"<p>Ein Festival der Inklusion mitten im Wald mit einem bunten Mix an Musik Genres an der Mosel. Alles haben Sie ein gemein und zwar die Freiheit an sich. Das Festival [&hellip;]<\/p>\n","protected":false},"author":1,"featured_media":1535,"template":"","meta":{"_tribe_events_status":"","_tribe_events_status_reason":"","_tribe_events_is_hybrid":"","_tribe_events_is_virtual":"","_tribe_events_virtual_video_source":"","_tribe_events_virtual_embed_video":"","_tribe_events_virtual_linked_button_text":"","_tribe_events_virtual_linked_button":"","_tribe_events_virtual_show_embed_at":"","_tribe_events_virtual_show_embed_to":[],"_tribe_events_virtual_show_on_event":"","_tribe_events_virtual_show_on_views":"","_tribe_events_virtual_url":"","footnotes":""},"tags":[],"tribe_events_cat":[11],"class_list":["post-1591","tribe_events","type-tribe_events","status-publish","has-post-thumbnail","hentry","tribe_events_cat-events","cat_events"],"yoast_head":"<!-- This site is optimized with the Yoast SEO plugin v26.8 - https:\/\/yoast.com\/product\/yoast-seo-wordpress\/ -->\n<title>Winzza auf dem Pferdefestival - Chef Daniels Culinary Concepts - WINZZA<\/title>\n<meta name=\"description\" content=\"11-13.08&#039;23 Ein Festival der Inklusion mitten im Wald mit einem bunten Mix an Musik &amp; Art Acts an der Mosel mit Streefood, Winzza, Wein\" \/>\n<meta name=\"robots\" content=\"index, follow, max-snippet:-1, max-image-preview:large, max-video-preview:-1\" \/>\n<link rel=\"canonical\" href=\"https:\/\/chefdaniel.de\/?tribe_events=winzza-auf-dem-pferdefestival\" \/>\n<meta property=\"og:locale\" content=\"de_DE\" \/>\n<meta property=\"og:type\" content=\"article\" \/>\n<meta property=\"og:title\" content=\"Winzza auf dem Pferdefestival - Chef Daniels Culinary Concepts - WINZZA\" \/>\n<meta property=\"og:description\" content=\"11-13.08&#039;23 Ein Festival der Inklusion mitten im Wald mit einem bunten Mix an Musik &amp; Art Acts an der Mosel mit Streefood, Winzza, Wein\" \/>\n<meta property=\"og:url\" content=\"https:\/\/chefdaniel.de\/?tribe_events=winzza-auf-dem-pferdefestival\" \/>\n<meta property=\"og:site_name\" content=\"Chef Daniels Culinary Concepts - WINZZA\" \/>\n<meta property=\"article:modified_time\" content=\"2023-02-22T17:29:24+00:00\" \/>\n<meta property=\"og:image\" content=\"https:\/\/chefdaniel.de\/wp-content\/uploads\/2023\/02\/Pferdefestival-11-13.08.png\" \/>\n\t<meta property=\"og:image:width\" content=\"1080\" \/>\n\t<meta property=\"og:image:height\" content=\"1080\" \/>\n\t<meta property=\"og:image:type\" content=\"image\/png\" \/>\n<meta name=\"twitter:card\" content=\"summary_large_image\" \/>\n<meta name=\"twitter:label1\" content=\"Gesch\u00e4tzte Lesezeit\" \/>\n\t<meta name=\"twitter:data1\" content=\"2\u00a0Minuten\" \/>\n<script type=\"application\/ld+json\" class=\"yoast-schema-graph\">{\"@context\":\"https:\/\/schema.org\",\"@graph\":[{\"@type\":\"WebPage\",\"@id\":\"https:\/\/chefdaniel.de\/?tribe_events=winzza-auf-dem-pferdefestival\",\"url\":\"https:\/\/chefdaniel.de\/?tribe_events=winzza-auf-dem-pferdefestival\",\"name\":\"Winzza auf dem Pferdefestival - Chef Daniels Culinary Concepts - WINZZA\",\"isPartOf\":{\"@id\":\"https:\/\/chefdaniel.de\/#website\"},\"primaryImageOfPage\":{\"@id\":\"https:\/\/chefdaniel.de\/?tribe_events=winzza-auf-dem-pferdefestival#primaryimage\"},\"image\":{\"@id\":\"https:\/\/chefdaniel.de\/?tribe_events=winzza-auf-dem-pferdefestival#primaryimage\"},\"thumbnailUrl\":\"https:\/\/chefdaniel.de\/wp-content\/uploads\/2023\/02\/Pferdefestival-11-13.08.png\",\"datePublished\":\"2023-02-08T00:45:32+00:00\",\"dateModified\":\"2023-02-22T17:29:24+00:00\",\"description\":\"11-13.08'23 Ein Festival der Inklusion mitten im Wald mit einem bunten Mix an Musik & Art Acts an der Mosel mit Streefood, Winzza, Wein\",\"breadcrumb\":{\"@id\":\"https:\/\/chefdaniel.de\/?tribe_events=winzza-auf-dem-pferdefestival#breadcrumb\"},\"inLanguage\":\"de\",\"potentialAction\":[{\"@type\":\"ReadAction\",\"target\":[\"https:\/\/chefdaniel.de\/?tribe_events=winzza-auf-dem-pferdefestival\"]}]},{\"@type\":\"ImageObject\",\"inLanguage\":\"de\",\"@id\":\"https:\/\/chefdaniel.de\/?tribe_events=winzza-auf-dem-pferdefestival#primaryimage\",\"url\":\"https:\/\/chefdaniel.de\/wp-content\/uploads\/2023\/02\/Pferdefestival-11-13.08.png\",\"contentUrl\":\"https:\/\/chefdaniel.de\/wp-content\/uploads\/2023\/02\/Pferdefestival-11-13.08.png\",\"width\":1080,\"height\":1080,\"caption\":\"Ein Musikfestival der Inklsion an der Mosel mitten im Wald\"},{\"@type\":\"BreadcrumbList\",\"@id\":\"https:\/\/chefdaniel.de\/?tribe_events=winzza-auf-dem-pferdefestival#breadcrumb\",\"itemListElement\":[{\"@type\":\"ListItem\",\"position\":1,\"name\":\"Startseite\",\"item\":\"https:\/\/chefdaniel.de\/\"},{\"@type\":\"ListItem\",\"position\":2,\"name\":\"Veranstaltungen\",\"item\":\"https:\/\/chefdaniel.de\/?post_type=tribe_events\"},{\"@type\":\"ListItem\",\"position\":3,\"name\":\"Winzza auf dem Pferdefestival\"}]},{\"@type\":\"WebSite\",\"@id\":\"https:\/\/chefdaniel.de\/#website\",\"url\":\"https:\/\/chefdaniel.de\/\",\"name\":\"CHEF DANIEL - CULINARY CONCEPTS\",\"description\":\"kulinarische Rheingauer Genussmomente vom kreativen Foodie Chef Daniel regional, saisonal &amp; nachhaltig\",\"publisher\":{\"@id\":\"https:\/\/chefdaniel.de\/#organization\"},\"potentialAction\":[{\"@type\":\"SearchAction\",\"target\":{\"@type\":\"EntryPoint\",\"urlTemplate\":\"https:\/\/chefdaniel.de\/?s={search_term_string}\"},\"query-input\":{\"@type\":\"PropertyValueSpecification\",\"valueRequired\":true,\"valueName\":\"search_term_string\"}}],\"inLanguage\":\"de\"},{\"@type\":\"Organization\",\"@id\":\"https:\/\/chefdaniel.de\/#organization\",\"name\":\"Chef Daniel - Consulting\",\"url\":\"https:\/\/chefdaniel.de\/\",\"logo\":{\"@type\":\"ImageObject\",\"inLanguage\":\"de\",\"@id\":\"https:\/\/chefdaniel.de\/#\/schema\/logo\/image\/\",\"url\":\"https:\/\/chefdaniel.de\/wp-content\/uploads\/2021\/01\/Chef-Daniel-Logo-_-final-blaue-Schrift-weisse-Schrift-2.png\",\"contentUrl\":\"https:\/\/chefdaniel.de\/wp-content\/uploads\/2021\/01\/Chef-Daniel-Logo-_-final-blaue-Schrift-weisse-Schrift-2.png\",\"width\":1080,\"height\":1080,\"caption\":\"Chef Daniel - Consulting\"},\"image\":{\"@id\":\"https:\/\/chefdaniel.de\/#\/schema\/logo\/image\/\"}}]}<\/script>\n<!-- \/ Yoast SEO plugin. -->","yoast_head_json":{"title":"Winzza auf dem Pferdefestival - Chef Daniels Culinary Concepts - WINZZA","description":"11-13.08'23 Ein Festival der Inklusion mitten im Wald mit einem bunten Mix an Musik & Art Acts an der Mosel mit Streefood, Winzza, Wein","robots":{"index":"index","follow":"follow","max-snippet":"max-snippet:-1","max-image-preview":"max-image-preview:large","max-video-preview":"max-video-preview:-1"},"canonical":"https:\/\/chefdaniel.de\/?tribe_events=winzza-auf-dem-pferdefestival","og_locale":"de_DE","og_type":"article","og_title":"Winzza auf dem Pferdefestival - Chef Daniels Culinary Concepts - WINZZA","og_description":"11-13.08'23 Ein Festival der Inklusion mitten im Wald mit einem bunten Mix an Musik & Art Acts an der Mosel mit Streefood, Winzza, Wein","og_url":"https:\/\/chefdaniel.de\/?tribe_events=winzza-auf-dem-pferdefestival","og_site_name":"Chef Daniels Culinary Concepts - WINZZA","article_modified_time":"2023-02-22T17:29:24+00:00","og_image":[{"width":1080,"height":1080,"url":"https:\/\/chefdaniel.de\/wp-content\/uploads\/2023\/02\/Pferdefestival-11-13.08.png","type":"image\/png"}],"twitter_card":"summary_large_image","twitter_misc":{"Gesch\u00e4tzte Lesezeit":"2\u00a0Minuten"},"schema":{"@context":"https:\/\/schema.org","@graph":[{"@type":"WebPage","@id":"https:\/\/chefdaniel.de\/?tribe_events=winzza-auf-dem-pferdefestival","url":"https:\/\/chefdaniel.de\/?tribe_events=winzza-auf-dem-pferdefestival","name":"Winzza auf dem Pferdefestival - Chef Daniels Culinary Concepts - WINZZA","isPartOf":{"@id":"https:\/\/chefdaniel.de\/#website"},"primaryImageOfPage":{"@id":"https:\/\/chefdaniel.de\/?tribe_events=winzza-auf-dem-pferdefestival#primaryimage"},"image":{"@id":"https:\/\/chefdaniel.de\/?tribe_events=winzza-auf-dem-pferdefestival#primaryimage"},"thumbnailUrl":"https:\/\/chefdaniel.de\/wp-content\/uploads\/2023\/02\/Pferdefestival-11-13.08.png","datePublished":"2023-02-08T00:45:32+00:00","dateModified":"2023-02-22T17:29:24+00:00","description":"11-13.08'23 Ein Festival der Inklusion mitten im Wald mit einem bunten Mix an Musik & Art Acts an der Mosel mit Streefood, Winzza, Wein","breadcrumb":{"@id":"https:\/\/chefdaniel.de\/?tribe_events=winzza-auf-dem-pferdefestival#breadcrumb"},"inLanguage":"de","potentialAction":[{"@type":"ReadAction","target":["https:\/\/chefdaniel.de\/?tribe_events=winzza-auf-dem-pferdefestival"]}]},{"@type":"ImageObject","inLanguage":"de","@id":"https:\/\/chefdaniel.de\/?tribe_events=winzza-auf-dem-pferdefestival#primaryimage","url":"https:\/\/chefdaniel.de\/wp-content\/uploads\/2023\/02\/Pferdefestival-11-13.08.png","contentUrl":"https:\/\/chefdaniel.de\/wp-content\/uploads\/2023\/02\/Pferdefestival-11-13.08.png","width":1080,"height":1080,"caption":"Ein Musikfestival der Inklsion an der Mosel mitten im Wald"},{"@type":"BreadcrumbList","@id":"https:\/\/chefdaniel.de\/?tribe_events=winzza-auf-dem-pferdefestival#breadcrumb","itemListElement":[{"@type":"ListItem","position":1,"name":"Startseite","item":"https:\/\/chefdaniel.de\/"},{"@type":"ListItem","position":2,"name":"Veranstaltungen","item":"https:\/\/chefdaniel.de\/?post_type=tribe_events"},{"@type":"ListItem","position":3,"name":"Winzza auf dem Pferdefestival"}]},{"@type":"WebSite","@id":"https:\/\/chefdaniel.de\/#website","url":"https:\/\/chefdaniel.de\/","name":"CHEF DANIEL - CULINARY CONCEPTS","description":"kulinarische Rheingauer Genussmomente vom kreativen Foodie Chef Daniel regional, saisonal &amp; nachhaltig","publisher":{"@id":"https:\/\/chefdaniel.de\/#organization"},"potentialAction":[{"@type":"SearchAction","target":{"@type":"EntryPoint","urlTemplate":"https:\/\/chefdaniel.de\/?s={search_term_string}"},"query-input":{"@type":"PropertyValueSpecification","valueRequired":true,"valueName":"search_term_string"}}],"inLanguage":"de"},{"@type":"Organization","@id":"https:\/\/chefdaniel.de\/#organization","name":"Chef Daniel - Consulting","url":"https:\/\/chefdaniel.de\/","logo":{"@type":"ImageObject","inLanguage":"de","@id":"https:\/\/chefdaniel.de\/#\/schema\/logo\/image\/","url":"https:\/\/chefdaniel.de\/wp-content\/uploads\/2021\/01\/Chef-Daniel-Logo-_-final-blaue-Schrift-weisse-Schrift-2.png","contentUrl":"https:\/\/chefdaniel.de\/wp-content\/uploads\/2021\/01\/Chef-Daniel-Logo-_-final-blaue-Schrift-weisse-Schrift-2.png","width":1080,"height":1080,"caption":"Chef Daniel - Consulting"},"image":{"@id":"https:\/\/chefdaniel.de\/#\/schema\/logo\/image\/"}}]}},"_links":{"self":[{"href":"https:\/\/chefdaniel.de\/index.php?rest_route=\/wp\/v2\/tribe_events\/1591","targetHints":{"allow":["GET"]}}],"collection":[{"href":"https:\/\/chefdaniel.de\/index.php?rest_route=\/wp\/v2\/tribe_events"}],"about":[{"href":"https:\/\/chefdaniel.de\/index.php?rest_route=\/wp\/v2\/types\/tribe_events"}],"author":[{"embeddable":true,"href":"https:\/\/chefdaniel.de\/index.php?rest_route=\/wp\/v2\/users\/1"}],"version-history":[{"count":1,"href":"https:\/\/chefdaniel.de\/index.php?rest_route=\/wp\/v2\/tribe_events\/1591\/revisions"}],"predecessor-version":[{"id":1592,"href":"https:\/\/chefdaniel.de\/index.php?rest_route=\/wp\/v2\/tribe_events\/1591\/revisions\/1592"}],"wp:featuredmedia":[{"embeddable":true,"href":"https:\/\/chefdaniel.de\/index.php?rest_route=\/wp\/v2\/media\/1535"}],"wp:attachment":[{"href":"https:\/\/chefdaniel.de\/index.php?rest_route=%2Fwp%2Fv2%2Fmedia&parent=1591"}],"wp:term":[{"taxonomy":"post_tag","embeddable":true,"href":"https:\/\/chefdaniel.de\/index.php?rest_route=%2Fwp%2Fv2%2Ftags&post=1591"},{"taxonomy":"tribe_events_cat","embeddable":true,"href":"https:\/\/chefdaniel.de\/index.php?rest_route=%2Fwp%2Fv2%2Ftribe_events_cat&post=1591"}],"curies":[{"name":"wp","href":"https:\/\/api.w.org\/{rel}","templated":true}]}}