{"id":1430,"date":"2022-08-17T21:54:58","date_gmt":"2022-08-17T21:54:58","guid":{"rendered":"https:\/\/chefdaniel.de\/?post_type=tribe_events&#038;p=1430"},"modified":"2022-08-17T21:55:48","modified_gmt":"2022-08-17T21:55:48","slug":"winzza-am-ruedesheimer-weinfestarial","status":"publish","type":"tribe_events","link":"https:\/\/chefdaniel.de\/?tribe_events=winzza-am-ruedesheimer-weinfestarial","title":{"rendered":"Winzza am R\u00fcdesheimer Weinfest"},"content":{"rendered":"<p><span style=\"font-family: arial, helvetica, sans-serif;\">In der R\u00fcdesheimer Altstadt laden R\u00fcdesheimer Winzer und lokale Gastronomen zu lauschigen Sommern\u00e4chten mit Live-Musik. Einen Summer of Riesling eben.<\/span><\/p>\n<p><span style=\"font-family: arial, helvetica, sans-serif;\">Lassen Sie sich verzaubern von der einzigartigen Atmosph\u00e4re in der R\u00fcdesheimer Altstadt. Gutgelaunte Winzer schenken ein. Probieren Sie jungen Riesling, samtige Sp\u00e4tburgunder und spannende Rarit\u00e4ten in lauschigen Sommern\u00e4chten zu Live-Musik und gastronomischen Highlights aus der Region.<\/span><br \/>\n<span style=\"font-family: arial, helvetica, sans-serif;\">Schmecken Sie unsere ber\u00fchmten Rieslinge und lassen Sie sich die verschiedenen Lagen erkl\u00e4ren. Dazu verw\u00f6hnen Sie R\u00fcdesheimer Gastronomen mit Leichtem und Herzhaftem der Region.<\/span><br \/>\n<span style=\"font-family: arial, helvetica, sans-serif;\">Feiern Sie von mittags bis in den sp\u00e4ten Abend. Lauschige Sommern\u00e4chte laden Sie ein unter der Linde zu feiern, zu tanzen und zu \u201eschw\u00e4tzen\u201c.<\/span><br \/>\n<span style=\"font-family: arial, helvetica, sans-serif;\">Bestes von Blasmusik bis Rock, gibt den richtigen Rhythmus f\u00fcr jung und alt.<\/span><\/p>\n<p><img loading=\"lazy\" decoding=\"async\" class=\"attachment-full size-full\" src=\"https:\/\/www.ruedesheimer-weinfest.de\/wp-content\/uploads\/2022\/08\/Programm-2022.png\" sizes=\"auto, (max-width: 2772px) 100vw, 2772px\" srcset=\"https:\/\/www.ruedesheimer-weinfest.de\/wp-content\/uploads\/2022\/08\/Programm-2022.png 2772w, https:\/\/www.ruedesheimer-weinfest.de\/wp-content\/uploads\/2022\/08\/Programm-2022-300x169.png 300w, https:\/\/www.ruedesheimer-weinfest.de\/wp-content\/uploads\/2022\/08\/Programm-2022-1024x577.png 1024w, https:\/\/www.ruedesheimer-weinfest.de\/wp-content\/uploads\/2022\/08\/Programm-2022-768x433.png 768w, https:\/\/www.ruedesheimer-weinfest.de\/wp-content\/uploads\/2022\/08\/Programm-2022-1536x866.png 1536w, https:\/\/www.ruedesheimer-weinfest.de\/wp-content\/uploads\/2022\/08\/Programm-2022-2048x1154.png 2048w, https:\/\/www.ruedesheimer-weinfest.de\/wp-content\/uploads\/2022\/08\/Programm-2022-800x450.png 800w\" alt=\"\" width=\"2772\" height=\"1562\" \/><\/p>\n<p>&nbsp;<\/p>\n","protected":false},"excerpt":{"rendered":"<p>In der R\u00fcdesheimer Altstadt laden R\u00fcdesheimer Winzer und lokale Gastronomen zu lauschigen Sommern\u00e4chten mit Live-Musik. Einen Summer of Riesling eben. Lassen Sie sich verzaubern von der einzigartigen Atmosph\u00e4re in der [&hellip;]<\/p>\n","protected":false},"author":1,"featured_media":848,"template":"","meta":{"_tribe_events_status":"","_tribe_events_status_reason":"","_tribe_events_is_hybrid":"","_tribe_events_is_virtual":"","_tribe_events_virtual_video_source":"","_tribe_events_virtual_embed_video":"","_tribe_events_virtual_linked_button_text":"","_tribe_events_virtual_linked_button":"","_tribe_events_virtual_show_embed_at":"","_tribe_events_virtual_show_embed_to":[],"_tribe_events_virtual_show_on_event":"","_tribe_events_virtual_show_on_views":"","_tribe_events_virtual_url":"","footnotes":""},"tags":[31,32],"tribe_events_cat":[11],"class_list":["post-1430","tribe_events","type-tribe_events","status-publish","has-post-thumbnail","hentry","tag-ruedesheimer-weinfest","tag-weinfest","tribe_events_cat-events","cat_events"],"yoast_head":"<!-- This site is optimized with the Yoast SEO plugin v26.8 - https:\/\/yoast.com\/product\/yoast-seo-wordpress\/ -->\n<title>Winzza am R\u00fcdesheimer Weinfest - Chef Daniels Culinary Concepts - WINZZA<\/title>\n<meta name=\"robots\" content=\"index, follow, max-snippet:-1, max-image-preview:large, max-video-preview:-1\" \/>\n<link rel=\"canonical\" href=\"https:\/\/chefdaniel.de\/?tribe_events=winzza-am-ruedesheimer-weinfestarial\" \/>\n<meta property=\"og:locale\" content=\"de_DE\" \/>\n<meta property=\"og:type\" content=\"article\" \/>\n<meta property=\"og:title\" content=\"Winzza am R\u00fcdesheimer Weinfest - Chef Daniels Culinary Concepts - WINZZA\" \/>\n<meta property=\"og:description\" content=\"In der R\u00fcdesheimer Altstadt laden R\u00fcdesheimer Winzer und lokale Gastronomen zu lauschigen Sommern\u00e4chten mit Live-Musik. Einen Summer of Riesling eben. Lassen Sie sich verzaubern von der einzigartigen Atmosph\u00e4re in der [&hellip;]\" \/>\n<meta property=\"og:url\" content=\"https:\/\/chefdaniel.de\/?tribe_events=winzza-am-ruedesheimer-weinfestarial\" \/>\n<meta property=\"og:site_name\" content=\"Chef Daniels Culinary Concepts - WINZZA\" \/>\n<meta property=\"article:modified_time\" content=\"2022-08-17T21:55:48+00:00\" \/>\n<meta property=\"og:image\" content=\"https:\/\/chefdaniel.de\/wp-content\/uploads\/2022\/01\/A7A26048-2149-4C6A-9D6D-808ACCCC13DE.jpg\" \/>\n\t<meta property=\"og:image:width\" content=\"800\" \/>\n\t<meta property=\"og:image:height\" content=\"533\" \/>\n\t<meta property=\"og:image:type\" content=\"image\/jpeg\" \/>\n<meta name=\"twitter:card\" content=\"summary_large_image\" \/>\n<meta name=\"twitter:label1\" content=\"Gesch\u00e4tzte Lesezeit\" \/>\n\t<meta name=\"twitter:data1\" content=\"1\u00a0Minute\" \/>\n<script type=\"application\/ld+json\" class=\"yoast-schema-graph\">{\"@context\":\"https:\/\/schema.org\",\"@graph\":[{\"@type\":\"WebPage\",\"@id\":\"https:\/\/chefdaniel.de\/?tribe_events=winzza-am-ruedesheimer-weinfestarial\",\"url\":\"https:\/\/chefdaniel.de\/?tribe_events=winzza-am-ruedesheimer-weinfestarial\",\"name\":\"Winzza am R\u00fcdesheimer Weinfest - Chef Daniels Culinary Concepts - WINZZA\",\"isPartOf\":{\"@id\":\"https:\/\/chefdaniel.de\/#website\"},\"primaryImageOfPage\":{\"@id\":\"https:\/\/chefdaniel.de\/?tribe_events=winzza-am-ruedesheimer-weinfestarial#primaryimage\"},\"image\":{\"@id\":\"https:\/\/chefdaniel.de\/?tribe_events=winzza-am-ruedesheimer-weinfestarial#primaryimage\"},\"thumbnailUrl\":\"https:\/\/chefdaniel.de\/wp-content\/uploads\/2022\/01\/A7A26048-2149-4C6A-9D6D-808ACCCC13DE.jpg\",\"datePublished\":\"2022-08-17T21:54:58+00:00\",\"dateModified\":\"2022-08-17T21:55:48+00:00\",\"breadcrumb\":{\"@id\":\"https:\/\/chefdaniel.de\/?tribe_events=winzza-am-ruedesheimer-weinfestarial#breadcrumb\"},\"inLanguage\":\"de\",\"potentialAction\":[{\"@type\":\"ReadAction\",\"target\":[\"https:\/\/chefdaniel.de\/?tribe_events=winzza-am-ruedesheimer-weinfestarial\"]}]},{\"@type\":\"ImageObject\",\"inLanguage\":\"de\",\"@id\":\"https:\/\/chefdaniel.de\/?tribe_events=winzza-am-ruedesheimer-weinfestarial#primaryimage\",\"url\":\"https:\/\/chefdaniel.de\/wp-content\/uploads\/2022\/01\/A7A26048-2149-4C6A-9D6D-808ACCCC13DE.jpg\",\"contentUrl\":\"https:\/\/chefdaniel.de\/wp-content\/uploads\/2022\/01\/A7A26048-2149-4C6A-9D6D-808ACCCC13DE.jpg\",\"width\":800,\"height\":533,\"caption\":\"Joana Sandk\u00fchler und Daniel Horne, das stolze Gr\u00fcnderteam hinter Winzza, dem Foodtrend aus dem Rheingau\"},{\"@type\":\"BreadcrumbList\",\"@id\":\"https:\/\/chefdaniel.de\/?tribe_events=winzza-am-ruedesheimer-weinfestarial#breadcrumb\",\"itemListElement\":[{\"@type\":\"ListItem\",\"position\":1,\"name\":\"Startseite\",\"item\":\"https:\/\/chefdaniel.de\/\"},{\"@type\":\"ListItem\",\"position\":2,\"name\":\"Veranstaltungen\",\"item\":\"https:\/\/chefdaniel.de\/?post_type=tribe_events\"},{\"@type\":\"ListItem\",\"position\":3,\"name\":\"Winzza am R\u00fcdesheimer Weinfest\"}]},{\"@type\":\"WebSite\",\"@id\":\"https:\/\/chefdaniel.de\/#website\",\"url\":\"https:\/\/chefdaniel.de\/\",\"name\":\"CHEF DANIEL - CULINARY CONCEPTS\",\"description\":\"kulinarische Rheingauer Genussmomente vom kreativen Foodie Chef Daniel regional, saisonal &amp; nachhaltig\",\"publisher\":{\"@id\":\"https:\/\/chefdaniel.de\/#organization\"},\"potentialAction\":[{\"@type\":\"SearchAction\",\"target\":{\"@type\":\"EntryPoint\",\"urlTemplate\":\"https:\/\/chefdaniel.de\/?s={search_term_string}\"},\"query-input\":{\"@type\":\"PropertyValueSpecification\",\"valueRequired\":true,\"valueName\":\"search_term_string\"}}],\"inLanguage\":\"de\"},{\"@type\":\"Organization\",\"@id\":\"https:\/\/chefdaniel.de\/#organization\",\"name\":\"Chef Daniel - Consulting\",\"url\":\"https:\/\/chefdaniel.de\/\",\"logo\":{\"@type\":\"ImageObject\",\"inLanguage\":\"de\",\"@id\":\"https:\/\/chefdaniel.de\/#\/schema\/logo\/image\/\",\"url\":\"https:\/\/chefdaniel.de\/wp-content\/uploads\/2021\/01\/Chef-Daniel-Logo-_-final-blaue-Schrift-weisse-Schrift-2.png\",\"contentUrl\":\"https:\/\/chefdaniel.de\/wp-content\/uploads\/2021\/01\/Chef-Daniel-Logo-_-final-blaue-Schrift-weisse-Schrift-2.png\",\"width\":1080,\"height\":1080,\"caption\":\"Chef Daniel - Consulting\"},\"image\":{\"@id\":\"https:\/\/chefdaniel.de\/#\/schema\/logo\/image\/\"}}]}<\/script>\n<!-- \/ Yoast SEO plugin. -->","yoast_head_json":{"title":"Winzza am R\u00fcdesheimer Weinfest - Chef Daniels Culinary Concepts - WINZZA","robots":{"index":"index","follow":"follow","max-snippet":"max-snippet:-1","max-image-preview":"max-image-preview:large","max-video-preview":"max-video-preview:-1"},"canonical":"https:\/\/chefdaniel.de\/?tribe_events=winzza-am-ruedesheimer-weinfestarial","og_locale":"de_DE","og_type":"article","og_title":"Winzza am R\u00fcdesheimer Weinfest - Chef Daniels Culinary Concepts - WINZZA","og_description":"In der R\u00fcdesheimer Altstadt laden R\u00fcdesheimer Winzer und lokale Gastronomen zu lauschigen Sommern\u00e4chten mit Live-Musik. Einen Summer of Riesling eben. Lassen Sie sich verzaubern von der einzigartigen Atmosph\u00e4re in der [&hellip;]","og_url":"https:\/\/chefdaniel.de\/?tribe_events=winzza-am-ruedesheimer-weinfestarial","og_site_name":"Chef Daniels Culinary Concepts - WINZZA","article_modified_time":"2022-08-17T21:55:48+00:00","og_image":[{"width":800,"height":533,"url":"https:\/\/chefdaniel.de\/wp-content\/uploads\/2022\/01\/A7A26048-2149-4C6A-9D6D-808ACCCC13DE.jpg","type":"image\/jpeg"}],"twitter_card":"summary_large_image","twitter_misc":{"Gesch\u00e4tzte Lesezeit":"1\u00a0Minute"},"schema":{"@context":"https:\/\/schema.org","@graph":[{"@type":"WebPage","@id":"https:\/\/chefdaniel.de\/?tribe_events=winzza-am-ruedesheimer-weinfestarial","url":"https:\/\/chefdaniel.de\/?tribe_events=winzza-am-ruedesheimer-weinfestarial","name":"Winzza am R\u00fcdesheimer Weinfest - Chef Daniels Culinary Concepts - WINZZA","isPartOf":{"@id":"https:\/\/chefdaniel.de\/#website"},"primaryImageOfPage":{"@id":"https:\/\/chefdaniel.de\/?tribe_events=winzza-am-ruedesheimer-weinfestarial#primaryimage"},"image":{"@id":"https:\/\/chefdaniel.de\/?tribe_events=winzza-am-ruedesheimer-weinfestarial#primaryimage"},"thumbnailUrl":"https:\/\/chefdaniel.de\/wp-content\/uploads\/2022\/01\/A7A26048-2149-4C6A-9D6D-808ACCCC13DE.jpg","datePublished":"2022-08-17T21:54:58+00:00","dateModified":"2022-08-17T21:55:48+00:00","breadcrumb":{"@id":"https:\/\/chefdaniel.de\/?tribe_events=winzza-am-ruedesheimer-weinfestarial#breadcrumb"},"inLanguage":"de","potentialAction":[{"@type":"ReadAction","target":["https:\/\/chefdaniel.de\/?tribe_events=winzza-am-ruedesheimer-weinfestarial"]}]},{"@type":"ImageObject","inLanguage":"de","@id":"https:\/\/chefdaniel.de\/?tribe_events=winzza-am-ruedesheimer-weinfestarial#primaryimage","url":"https:\/\/chefdaniel.de\/wp-content\/uploads\/2022\/01\/A7A26048-2149-4C6A-9D6D-808ACCCC13DE.jpg","contentUrl":"https:\/\/chefdaniel.de\/wp-content\/uploads\/2022\/01\/A7A26048-2149-4C6A-9D6D-808ACCCC13DE.jpg","width":800,"height":533,"caption":"Joana Sandk\u00fchler und Daniel Horne, das stolze Gr\u00fcnderteam hinter Winzza, dem Foodtrend aus dem Rheingau"},{"@type":"BreadcrumbList","@id":"https:\/\/chefdaniel.de\/?tribe_events=winzza-am-ruedesheimer-weinfestarial#breadcrumb","itemListElement":[{"@type":"ListItem","position":1,"name":"Startseite","item":"https:\/\/chefdaniel.de\/"},{"@type":"ListItem","position":2,"name":"Veranstaltungen","item":"https:\/\/chefdaniel.de\/?post_type=tribe_events"},{"@type":"ListItem","position":3,"name":"Winzza am R\u00fcdesheimer Weinfest"}]},{"@type":"WebSite","@id":"https:\/\/chefdaniel.de\/#website","url":"https:\/\/chefdaniel.de\/","name":"CHEF DANIEL - CULINARY CONCEPTS","description":"kulinarische Rheingauer Genussmomente vom kreativen Foodie Chef Daniel regional, saisonal &amp; nachhaltig","publisher":{"@id":"https:\/\/chefdaniel.de\/#organization"},"potentialAction":[{"@type":"SearchAction","target":{"@type":"EntryPoint","urlTemplate":"https:\/\/chefdaniel.de\/?s={search_term_string}"},"query-input":{"@type":"PropertyValueSpecification","valueRequired":true,"valueName":"search_term_string"}}],"inLanguage":"de"},{"@type":"Organization","@id":"https:\/\/chefdaniel.de\/#organization","name":"Chef Daniel - Consulting","url":"https:\/\/chefdaniel.de\/","logo":{"@type":"ImageObject","inLanguage":"de","@id":"https:\/\/chefdaniel.de\/#\/schema\/logo\/image\/","url":"https:\/\/chefdaniel.de\/wp-content\/uploads\/2021\/01\/Chef-Daniel-Logo-_-final-blaue-Schrift-weisse-Schrift-2.png","contentUrl":"https:\/\/chefdaniel.de\/wp-content\/uploads\/2021\/01\/Chef-Daniel-Logo-_-final-blaue-Schrift-weisse-Schrift-2.png","width":1080,"height":1080,"caption":"Chef Daniel - Consulting"},"image":{"@id":"https:\/\/chefdaniel.de\/#\/schema\/logo\/image\/"}}]}},"_links":{"self":[{"href":"https:\/\/chefdaniel.de\/index.php?rest_route=\/wp\/v2\/tribe_events\/1430","targetHints":{"allow":["GET"]}}],"collection":[{"href":"https:\/\/chefdaniel.de\/index.php?rest_route=\/wp\/v2\/tribe_events"}],"about":[{"href":"https:\/\/chefdaniel.de\/index.php?rest_route=\/wp\/v2\/types\/tribe_events"}],"author":[{"embeddable":true,"href":"https:\/\/chefdaniel.de\/index.php?rest_route=\/wp\/v2\/users\/1"}],"version-history":[{"count":2,"href":"https:\/\/chefdaniel.de\/index.php?rest_route=\/wp\/v2\/tribe_events\/1430\/revisions"}],"predecessor-version":[{"id":1434,"href":"https:\/\/chefdaniel.de\/index.php?rest_route=\/wp\/v2\/tribe_events\/1430\/revisions\/1434"}],"wp:featuredmedia":[{"embeddable":true,"href":"https:\/\/chefdaniel.de\/index.php?rest_route=\/wp\/v2\/media\/848"}],"wp:attachment":[{"href":"https:\/\/chefdaniel.de\/index.php?rest_route=%2Fwp%2Fv2%2Fmedia&parent=1430"}],"wp:term":[{"taxonomy":"post_tag","embeddable":true,"href":"https:\/\/chefdaniel.de\/index.php?rest_route=%2Fwp%2Fv2%2Ftags&post=1430"},{"taxonomy":"tribe_events_cat","embeddable":true,"href":"https:\/\/chefdaniel.de\/index.php?rest_route=%2Fwp%2Fv2%2Ftribe_events_cat&post=1430"}],"curies":[{"name":"wp","href":"https:\/\/api.w.org\/{rel}","templated":true}]}}