{"id":1399,"date":"2022-07-05T22:16:00","date_gmt":"2022-07-05T22:16:00","guid":{"rendered":"https:\/\/chefdaniel.de\/?post_type=tribe_events&#038;p=1399"},"modified":"2022-07-05T22:26:34","modified_gmt":"2022-07-05T22:26:34","slug":"winzza-am-oestricher-kranfest","status":"publish","type":"tribe_events","link":"https:\/\/chefdaniel.de\/?tribe_events=winzza-am-oestricher-kranfest","title":{"rendered":"Winzza am 1. Oestricher Kranfest"},"content":{"rendered":"<p><span style=\"font-family: arial, helvetica, sans-serif;\">Die Oestricher Winzer feiern am Rheinufer und auf den Rheinwiesen rund ums Oestricher Weinfass das 275. Jubil\u00e4um des Weinverladekrans.<\/span><\/p>\n<p><span style=\"font-family: arial, helvetica, sans-serif;\">In flaKRANti erwischt: Wein und Musik &#8211;\u00a0sKRANdal am Rhein. Das Festhalten der Gl\u00e4ser wird trinkend empfohlen.<\/span><\/p>\n<p><span style=\"font-family: arial, helvetica, sans-serif;\">Zu Ehren des Wahrzeichens uns seiner Verbundenheit zum Wein feiern Oestricher Winzer mit Ihnen den KRAN Prix OEstrich. Oestricher Wein, Oestricher Geschichte und Oestricher Lifestyle. 275 Jahre Weinverladekran &#8211; ein Grund zum Feiern.<\/span><\/p>\n<p><span style=\"font-family: arial, helvetica, sans-serif;\">Ein tolles und abwechslungsreiches Programm f\u00fcr Gro\u00df und Klein erwartet Euch. Bands, k\u00f6niglicher Glanz, Vorf\u00fchrungen und Kinderanimation werden geboten.<\/span><\/p>\n<p><span style=\"font-family: arial, helvetica, sans-serif;\">F\u00fcr kulinarische Begleitung sind wir mit echtem Rheingauer Soulfood mitdabei und freuen uns auf euch!<\/span><\/p>\n<p style=\"text-align: center;\"><a href=\"https:\/\/chefdaniel.de\/?post_type=tribe_events\" target=\"_blank\" rel=\"noopener\">mehr Winzza Veranstaltungen<\/a><\/p>\n<p>&nbsp;<\/p>\n<h4 style=\"text-align: center;\"><span style=\"font-family: arial, helvetica, sans-serif;\">more about Winzza:<\/span><\/h4>\n<p style=\"text-align: center;\"><span style=\"font-family: arial, helvetica, sans-serif;\">Winzza ist ein mobiles Foodkonzept mit dem passendem Snack zum Wein. Unsere Winzza ist \u00a0knusprig wie ein Flammkuchen und dabei fluffig wie eine Pizza mit regional typischen Toppings belegt. So bringen wir beliebte Klassiker, wie den roten Spundek\u00e4se neu interpretiert auf den Tisch oder besser gesagt auf die Winzza. Der kreative Kopf bei Winzza, Chef Daniel ist immer auf der Suche nach dem perfekten Flavor Pairing und wechselt die Sorten saisonal durch. So wird auch f\u00fcr unserere Winzza Fans nicht langweilig. Wir freuen uns regionale Klassiker, wie Handk\u00e4se neu zu interpretieren oder \u00a0auch mal gr\u00fcne So\u00dfe auf die Winzza zu packen. Mit regionalen und saisonalen Bel\u00e4gen, bringen wir Abwechslung auf deinen Speiseplan. Dem derzeitigen Ern\u00e4hrungstrend gerecht werdend findet ihr bei uns auch immer eine vegan und pflanzenbasierte Sorte auf der Karte.<\/span><\/p>\n","protected":false},"excerpt":{"rendered":"<p>Die Oestricher Winzer feiern am Rheinufer und auf den Rheinwiesen rund ums Oestricher Weinfass das 275. Jubil\u00e4um des Weinverladekrans. In flaKRANti erwischt: Wein und Musik &#8211;\u00a0sKRANdal am Rhein. Das Festhalten [&hellip;]<\/p>\n","protected":false},"author":1,"featured_media":1401,"template":"","meta":{"_tribe_events_status":"","_tribe_events_status_reason":"","_tribe_events_is_hybrid":"","_tribe_events_is_virtual":"","_tribe_events_virtual_video_source":"","_tribe_events_virtual_embed_video":"","_tribe_events_virtual_linked_button_text":"","_tribe_events_virtual_linked_button":"","_tribe_events_virtual_show_embed_at":"","_tribe_events_virtual_show_embed_to":[],"_tribe_events_virtual_show_on_event":"","_tribe_events_virtual_show_on_views":"","_tribe_events_virtual_url":"","footnotes":""},"tags":[],"tribe_events_cat":[11],"class_list":["post-1399","tribe_events","type-tribe_events","status-publish","has-post-thumbnail","hentry","tribe_events_cat-events","cat_events"],"yoast_head":"<!-- This site is optimized with the Yoast SEO plugin v26.8 - https:\/\/yoast.com\/product\/yoast-seo-wordpress\/ -->\n<title>Winzza am 1. Oestricher Kranfest - Chef Daniels Culinary Concepts - WINZZA<\/title>\n<meta name=\"description\" content=\"echtes Rheingauer Soulfood und ofenfrische Winzza erwarten dich bei k\u00fchlem Wein der Oestricher Winzer und Livmusik am 1. Oestircher Kranfest\" \/>\n<meta name=\"robots\" content=\"index, follow, max-snippet:-1, max-image-preview:large, max-video-preview:-1\" \/>\n<link rel=\"canonical\" href=\"https:\/\/chefdaniel.de\/?tribe_events=winzza-am-oestricher-kranfest\" \/>\n<meta property=\"og:locale\" content=\"de_DE\" \/>\n<meta property=\"og:type\" content=\"article\" \/>\n<meta property=\"og:title\" content=\"Winzza am 1. Oestricher Kranfest - Chef Daniels Culinary Concepts - WINZZA\" \/>\n<meta property=\"og:description\" content=\"echtes Rheingauer Soulfood und ofenfrische Winzza erwarten dich bei k\u00fchlem Wein der Oestricher Winzer und Livmusik am 1. Oestircher Kranfest\" \/>\n<meta property=\"og:url\" content=\"https:\/\/chefdaniel.de\/?tribe_events=winzza-am-oestricher-kranfest\" \/>\n<meta property=\"og:site_name\" content=\"Chef Daniels Culinary Concepts - WINZZA\" \/>\n<meta property=\"article:modified_time\" content=\"2022-07-05T22:26:34+00:00\" \/>\n<meta property=\"og:image\" content=\"https:\/\/chefdaniel.de\/wp-content\/uploads\/2022\/07\/oestricher-Kranfest-1024x1024.png\" \/>\n\t<meta property=\"og:image:width\" content=\"1024\" \/>\n\t<meta property=\"og:image:height\" content=\"1024\" \/>\n\t<meta property=\"og:image:type\" content=\"image\/png\" \/>\n<meta name=\"twitter:card\" content=\"summary_large_image\" \/>\n<meta name=\"twitter:label1\" content=\"Gesch\u00e4tzte Lesezeit\" \/>\n\t<meta name=\"twitter:data1\" content=\"2\u00a0Minuten\" \/>\n<script type=\"application\/ld+json\" class=\"yoast-schema-graph\">{\"@context\":\"https:\/\/schema.org\",\"@graph\":[{\"@type\":\"WebPage\",\"@id\":\"https:\/\/chefdaniel.de\/?tribe_events=winzza-am-oestricher-kranfest\",\"url\":\"https:\/\/chefdaniel.de\/?tribe_events=winzza-am-oestricher-kranfest\",\"name\":\"Winzza am 1. Oestricher Kranfest - Chef Daniels Culinary Concepts - WINZZA\",\"isPartOf\":{\"@id\":\"https:\/\/chefdaniel.de\/#website\"},\"primaryImageOfPage\":{\"@id\":\"https:\/\/chefdaniel.de\/?tribe_events=winzza-am-oestricher-kranfest#primaryimage\"},\"image\":{\"@id\":\"https:\/\/chefdaniel.de\/?tribe_events=winzza-am-oestricher-kranfest#primaryimage\"},\"thumbnailUrl\":\"https:\/\/chefdaniel.de\/wp-content\/uploads\/2022\/07\/oestricher-Kranfest.png\",\"datePublished\":\"2022-07-05T22:16:00+00:00\",\"dateModified\":\"2022-07-05T22:26:34+00:00\",\"description\":\"echtes Rheingauer Soulfood und ofenfrische Winzza erwarten dich bei k\u00fchlem Wein der Oestricher Winzer und Livmusik am 1. Oestircher Kranfest\",\"breadcrumb\":{\"@id\":\"https:\/\/chefdaniel.de\/?tribe_events=winzza-am-oestricher-kranfest#breadcrumb\"},\"inLanguage\":\"de\",\"potentialAction\":[{\"@type\":\"ReadAction\",\"target\":[\"https:\/\/chefdaniel.de\/?tribe_events=winzza-am-oestricher-kranfest\"]}]},{\"@type\":\"ImageObject\",\"inLanguage\":\"de\",\"@id\":\"https:\/\/chefdaniel.de\/?tribe_events=winzza-am-oestricher-kranfest#primaryimage\",\"url\":\"https:\/\/chefdaniel.de\/wp-content\/uploads\/2022\/07\/oestricher-Kranfest.png\",\"contentUrl\":\"https:\/\/chefdaniel.de\/wp-content\/uploads\/2022\/07\/oestricher-Kranfest.png\",\"width\":1080,\"height\":1080,\"caption\":\"Winzza in Oestrich am mit Musik, Wein und Tanz\"},{\"@type\":\"BreadcrumbList\",\"@id\":\"https:\/\/chefdaniel.de\/?tribe_events=winzza-am-oestricher-kranfest#breadcrumb\",\"itemListElement\":[{\"@type\":\"ListItem\",\"position\":1,\"name\":\"Startseite\",\"item\":\"https:\/\/chefdaniel.de\/\"},{\"@type\":\"ListItem\",\"position\":2,\"name\":\"Veranstaltungen\",\"item\":\"https:\/\/chefdaniel.de\/?post_type=tribe_events\"},{\"@type\":\"ListItem\",\"position\":3,\"name\":\"Winzza am 1. Oestricher Kranfest\"}]},{\"@type\":\"WebSite\",\"@id\":\"https:\/\/chefdaniel.de\/#website\",\"url\":\"https:\/\/chefdaniel.de\/\",\"name\":\"CHEF DANIEL - CULINARY CONCEPTS\",\"description\":\"kulinarische Rheingauer Genussmomente vom kreativen Foodie Chef Daniel regional, saisonal &amp; nachhaltig\",\"publisher\":{\"@id\":\"https:\/\/chefdaniel.de\/#organization\"},\"potentialAction\":[{\"@type\":\"SearchAction\",\"target\":{\"@type\":\"EntryPoint\",\"urlTemplate\":\"https:\/\/chefdaniel.de\/?s={search_term_string}\"},\"query-input\":{\"@type\":\"PropertyValueSpecification\",\"valueRequired\":true,\"valueName\":\"search_term_string\"}}],\"inLanguage\":\"de\"},{\"@type\":\"Organization\",\"@id\":\"https:\/\/chefdaniel.de\/#organization\",\"name\":\"Chef Daniel - Consulting\",\"url\":\"https:\/\/chefdaniel.de\/\",\"logo\":{\"@type\":\"ImageObject\",\"inLanguage\":\"de\",\"@id\":\"https:\/\/chefdaniel.de\/#\/schema\/logo\/image\/\",\"url\":\"https:\/\/chefdaniel.de\/wp-content\/uploads\/2021\/01\/Chef-Daniel-Logo-_-final-blaue-Schrift-weisse-Schrift-2.png\",\"contentUrl\":\"https:\/\/chefdaniel.de\/wp-content\/uploads\/2021\/01\/Chef-Daniel-Logo-_-final-blaue-Schrift-weisse-Schrift-2.png\",\"width\":1080,\"height\":1080,\"caption\":\"Chef Daniel - Consulting\"},\"image\":{\"@id\":\"https:\/\/chefdaniel.de\/#\/schema\/logo\/image\/\"}}]}<\/script>\n<!-- \/ Yoast SEO plugin. -->","yoast_head_json":{"title":"Winzza am 1. Oestricher Kranfest - Chef Daniels Culinary Concepts - WINZZA","description":"echtes Rheingauer Soulfood und ofenfrische Winzza erwarten dich bei k\u00fchlem Wein der Oestricher Winzer und Livmusik am 1. Oestircher Kranfest","robots":{"index":"index","follow":"follow","max-snippet":"max-snippet:-1","max-image-preview":"max-image-preview:large","max-video-preview":"max-video-preview:-1"},"canonical":"https:\/\/chefdaniel.de\/?tribe_events=winzza-am-oestricher-kranfest","og_locale":"de_DE","og_type":"article","og_title":"Winzza am 1. Oestricher Kranfest - Chef Daniels Culinary Concepts - WINZZA","og_description":"echtes Rheingauer Soulfood und ofenfrische Winzza erwarten dich bei k\u00fchlem Wein der Oestricher Winzer und Livmusik am 1. Oestircher Kranfest","og_url":"https:\/\/chefdaniel.de\/?tribe_events=winzza-am-oestricher-kranfest","og_site_name":"Chef Daniels Culinary Concepts - WINZZA","article_modified_time":"2022-07-05T22:26:34+00:00","og_image":[{"width":1024,"height":1024,"url":"https:\/\/chefdaniel.de\/wp-content\/uploads\/2022\/07\/oestricher-Kranfest-1024x1024.png","type":"image\/png"}],"twitter_card":"summary_large_image","twitter_misc":{"Gesch\u00e4tzte Lesezeit":"2\u00a0Minuten"},"schema":{"@context":"https:\/\/schema.org","@graph":[{"@type":"WebPage","@id":"https:\/\/chefdaniel.de\/?tribe_events=winzza-am-oestricher-kranfest","url":"https:\/\/chefdaniel.de\/?tribe_events=winzza-am-oestricher-kranfest","name":"Winzza am 1. Oestricher Kranfest - Chef Daniels Culinary Concepts - WINZZA","isPartOf":{"@id":"https:\/\/chefdaniel.de\/#website"},"primaryImageOfPage":{"@id":"https:\/\/chefdaniel.de\/?tribe_events=winzza-am-oestricher-kranfest#primaryimage"},"image":{"@id":"https:\/\/chefdaniel.de\/?tribe_events=winzza-am-oestricher-kranfest#primaryimage"},"thumbnailUrl":"https:\/\/chefdaniel.de\/wp-content\/uploads\/2022\/07\/oestricher-Kranfest.png","datePublished":"2022-07-05T22:16:00+00:00","dateModified":"2022-07-05T22:26:34+00:00","description":"echtes Rheingauer Soulfood und ofenfrische Winzza erwarten dich bei k\u00fchlem Wein der Oestricher Winzer und Livmusik am 1. Oestircher Kranfest","breadcrumb":{"@id":"https:\/\/chefdaniel.de\/?tribe_events=winzza-am-oestricher-kranfest#breadcrumb"},"inLanguage":"de","potentialAction":[{"@type":"ReadAction","target":["https:\/\/chefdaniel.de\/?tribe_events=winzza-am-oestricher-kranfest"]}]},{"@type":"ImageObject","inLanguage":"de","@id":"https:\/\/chefdaniel.de\/?tribe_events=winzza-am-oestricher-kranfest#primaryimage","url":"https:\/\/chefdaniel.de\/wp-content\/uploads\/2022\/07\/oestricher-Kranfest.png","contentUrl":"https:\/\/chefdaniel.de\/wp-content\/uploads\/2022\/07\/oestricher-Kranfest.png","width":1080,"height":1080,"caption":"Winzza in Oestrich am mit Musik, Wein und Tanz"},{"@type":"BreadcrumbList","@id":"https:\/\/chefdaniel.de\/?tribe_events=winzza-am-oestricher-kranfest#breadcrumb","itemListElement":[{"@type":"ListItem","position":1,"name":"Startseite","item":"https:\/\/chefdaniel.de\/"},{"@type":"ListItem","position":2,"name":"Veranstaltungen","item":"https:\/\/chefdaniel.de\/?post_type=tribe_events"},{"@type":"ListItem","position":3,"name":"Winzza am 1. Oestricher Kranfest"}]},{"@type":"WebSite","@id":"https:\/\/chefdaniel.de\/#website","url":"https:\/\/chefdaniel.de\/","name":"CHEF DANIEL - CULINARY CONCEPTS","description":"kulinarische Rheingauer Genussmomente vom kreativen Foodie Chef Daniel regional, saisonal &amp; nachhaltig","publisher":{"@id":"https:\/\/chefdaniel.de\/#organization"},"potentialAction":[{"@type":"SearchAction","target":{"@type":"EntryPoint","urlTemplate":"https:\/\/chefdaniel.de\/?s={search_term_string}"},"query-input":{"@type":"PropertyValueSpecification","valueRequired":true,"valueName":"search_term_string"}}],"inLanguage":"de"},{"@type":"Organization","@id":"https:\/\/chefdaniel.de\/#organization","name":"Chef Daniel - Consulting","url":"https:\/\/chefdaniel.de\/","logo":{"@type":"ImageObject","inLanguage":"de","@id":"https:\/\/chefdaniel.de\/#\/schema\/logo\/image\/","url":"https:\/\/chefdaniel.de\/wp-content\/uploads\/2021\/01\/Chef-Daniel-Logo-_-final-blaue-Schrift-weisse-Schrift-2.png","contentUrl":"https:\/\/chefdaniel.de\/wp-content\/uploads\/2021\/01\/Chef-Daniel-Logo-_-final-blaue-Schrift-weisse-Schrift-2.png","width":1080,"height":1080,"caption":"Chef Daniel - Consulting"},"image":{"@id":"https:\/\/chefdaniel.de\/#\/schema\/logo\/image\/"}}]}},"_links":{"self":[{"href":"https:\/\/chefdaniel.de\/index.php?rest_route=\/wp\/v2\/tribe_events\/1399","targetHints":{"allow":["GET"]}}],"collection":[{"href":"https:\/\/chefdaniel.de\/index.php?rest_route=\/wp\/v2\/tribe_events"}],"about":[{"href":"https:\/\/chefdaniel.de\/index.php?rest_route=\/wp\/v2\/types\/tribe_events"}],"author":[{"embeddable":true,"href":"https:\/\/chefdaniel.de\/index.php?rest_route=\/wp\/v2\/users\/1"}],"version-history":[{"count":2,"href":"https:\/\/chefdaniel.de\/index.php?rest_route=\/wp\/v2\/tribe_events\/1399\/revisions"}],"predecessor-version":[{"id":1402,"href":"https:\/\/chefdaniel.de\/index.php?rest_route=\/wp\/v2\/tribe_events\/1399\/revisions\/1402"}],"wp:featuredmedia":[{"embeddable":true,"href":"https:\/\/chefdaniel.de\/index.php?rest_route=\/wp\/v2\/media\/1401"}],"wp:attachment":[{"href":"https:\/\/chefdaniel.de\/index.php?rest_route=%2Fwp%2Fv2%2Fmedia&parent=1399"}],"wp:term":[{"taxonomy":"post_tag","embeddable":true,"href":"https:\/\/chefdaniel.de\/index.php?rest_route=%2Fwp%2Fv2%2Ftags&post=1399"},{"taxonomy":"tribe_events_cat","embeddable":true,"href":"https:\/\/chefdaniel.de\/index.php?rest_route=%2Fwp%2Fv2%2Ftribe_events_cat&post=1399"}],"curies":[{"name":"wp","href":"https:\/\/api.w.org\/{rel}","templated":true}]}}