{"id":10000522,"date":"2024-08-22T08:15:44","date_gmt":"2024-08-22T08:15:44","guid":{"rendered":"https:\/\/chefdaniel.de\/?post_type=tribe_events&#038;p=2198"},"modified":"2024-08-22T08:37:06","modified_gmt":"2024-08-22T08:37:06","slug":"hapas-bis-tapas-strausswirtschaft-weingut-prana","status":"publish","type":"tribe_events","link":"https:\/\/chefdaniel.de\/?tribe_events=hapas-bis-tapas-strausswirtschaft-weingut-prana&eventDate=2024-08-29","title":{"rendered":"Hapas bis Tapas Strau\u00dfwirtschaft @Weingut Prana"},"content":{"rendered":"<h2><span style=\"font-family: helvetica, arial, sans-serif;\">Hessische Tapas und allzeit beliebte Klassiker unterm Nussbaum geniessen&#8230;<\/span><\/h2>\n<p><span style=\"font-family: helvetica, arial, sans-serif;\">Kommt vorbei und lasst mit uns den Sommer ausklingen.<\/span><\/p>\n<p><span style=\"font-family: helvetica, arial, sans-serif;\">Chef Daniel nimmt euch mit in eine Welt von Hapas &amp; Tapas und zaubert euch zur\u00fcck in euren letzten Urlaub<\/span><\/p>\n<p><span style=\"font-family: helvetica, arial, sans-serif;\">Speisekarte folgt.<\/span><\/p>\n<p><span style=\"text-decoration: underline;\"><span style=\"font-family: helvetica, arial, sans-serif;\"><strong>\u00d6ffnungszeiten:<\/strong> <\/span><\/span><\/p>\n<p><strong><span style=\"font-family: helvetica, arial, sans-serif;\">*Donnerstag &#8211; Sonntag ab 17:00Uhr<\/span><\/strong><\/p>\n<p><span style=\"font-family: helvetica, arial, sans-serif;\">\u00dcber Weingut Prana:<\/span><\/p>\n<p>Cosi &amp; Nik sind beide Quereinsteiger und haben 2019 sich w\u00e4hrend ihres Weinbaustudiums in Geisenheim kennengelernt. Noch w\u00e4hrend des Studiums, im Jahr 2021, entschieden Sie sich f\u00fcr die Gr\u00fcndung eines eigenen Weinguts. Der Name des Weinguts hat seinen Ursprung aus dem Yoga. Prana bedeutet Lebensenergie.<\/p>\n<p><span style=\"font-family: helvetica, arial, sans-serif;\">Ziel ist es Wein in h\u00f6chster Qualit\u00e4t zu erzeugen. Hier hat sich der Rheingau mit seinem gro\u00dfen Potenzial als ideal f\u00fcr erwiesen. Beide sind bestrebt, den Weinbau nach ihren Vorstellungen nachhaltig und zukunftsorientiert zu betreiben. Daher stellen Sie so manches Traditionelle gerne mal auf die Probe und schlagen neue Wege ein.<\/span><\/p>\n<p><span style=\"font-family: helvetica, arial, sans-serif;\"> <a href=\"https:\/\/www.weingutprana.de\/event-details\/fruhjahrs-strausse\">hier!<\/a><\/span><\/p>\n<p>&nbsp;<\/p>\n<p style=\"text-align: center;\"><span style=\"font-family: helvetica, arial, sans-serif;\"><a href=\"https:\/\/chefdaniel.de\/?post_type=tribe_events\" target=\"_blank\" rel=\"noopener\">mehr Winzza Veranstaltungen<\/a><\/span><\/p>\n<p>&nbsp;<\/p>\n<h4 style=\"text-align: center;\"><span style=\"font-size: 8pt; font-family: helvetica, arial, sans-serif;\">more about Winzza:<\/span><\/h4>\n<p style=\"text-align: center;\"><span style=\"font-size: 8pt; color: #999999; font-family: helvetica, arial, sans-serif;\">Winzza ist ein mobiles Foodkonzept mit dem passendem Snack zum Wein. Unsere Winzza ist \u00a0knusprig wie ein Flammkuchen und dabei fluffig wie eine Pizza und ist mit regionalen Toppings belegt. So bringen wir beliebte Klassiker, wie den roten Spundek\u00e4se neu interpretiert auf den Tisch oder besser gesagt auf die Winzza. Der kreative Kopf bei Winzza, Chef Daniel ist immer auf der Suche nach dem perfekten Flavor Pairing. Da Saisonalit\u00e4t und Regionalit\u00e4t bei uns gro\u00df geschrieben gibt es immer wechselnde Winzza Sorten, auf die dich freuen kannst. So wird es auch f\u00fcr dich als Winzza Fan nicht langweilig. Wir freuen uns regionale Klassiker, wie Handk\u00e4se neu zu interpretieren oder \u00a0auch mal gr\u00fcne So\u00dfe auf die Winzza zu packen. Mit regionalen und saisonalen Bel\u00e4gen, bringen wir Abwechslung auf deinen Speiseplan. Dem derzeitigen Ern\u00e4hrungstrend gerecht werdend findet ihr bei uns auch immer eine vegan und pflanzenbasierte Sorte.\u00a0<\/span><\/p>\n<p>&nbsp;<\/p>\n<p>&nbsp;<\/p>\n","protected":false},"excerpt":{"rendered":"<p>Hessische Tapas und allzeit beliebte Klassiker unterm Nussbaum geniessen&#8230; Kommt vorbei und lasst mit uns den Sommer ausklingen. Chef Daniel nimmt euch mit in eine Welt von Hapas &amp; Tapas [&hellip;]<\/p>\n","protected":false},"author":3,"featured_media":2205,"template":"","meta":{"_tribe_events_status":"","_tribe_events_status_reason":"","_tribe_events_is_hybrid":"","_tribe_events_is_virtual":"","_tribe_events_virtual_video_source":"","_tribe_events_virtual_embed_video":"","_tribe_events_virtual_linked_button_text":"","_tribe_events_virtual_linked_button":"","_tribe_events_virtual_show_embed_at":"","_tribe_events_virtual_show_embed_to":[],"_tribe_events_virtual_show_on_event":"","_tribe_events_virtual_show_on_views":"","_tribe_events_virtual_url":"","footnotes":""},"tags":[49,21,65,14],"tribe_events_cat":[10],"class_list":["post-10000522","tribe_events","type-tribe_events","status-publish","has-post-thumbnail","hentry","tag-prana","tag-strausswirtschaft","tag-tapas","tag-weingut","tribe_events_cat-winzza-in-weinguetern","cat_winzza-in-weinguetern","tribe-recurring-event","tribe-recurring-event-parent"],"yoast_head":"<!-- This site is optimized with the Yoast SEO plugin v26.8 - https:\/\/yoast.com\/product\/yoast-seo-wordpress\/ -->\n<title>Hapas bis Tapas Strau\u00dfwirtschaft @Weingut Prana - Chef Daniels Culinary Concepts - WINZZA<\/title>\n<meta name=\"robots\" content=\"index, follow, max-snippet:-1, max-image-preview:large, max-video-preview:-1\" \/>\n<link rel=\"canonical\" href=\"https:\/\/chefdaniel.de\/?tribe_events=hapas-bis-tapas-strausswirtschaft-weingut-prana&eventDate=2024-08-29\" \/>\n<meta property=\"og:locale\" content=\"de_DE\" \/>\n<meta property=\"og:type\" content=\"article\" \/>\n<meta property=\"og:title\" content=\"Hapas bis Tapas Strau\u00dfwirtschaft @Weingut Prana - Chef Daniels Culinary Concepts - WINZZA\" \/>\n<meta property=\"og:description\" content=\"Hessische Tapas und allzeit beliebte Klassiker unterm Nussbaum geniessen&#8230; Kommt vorbei und lasst mit uns den Sommer ausklingen. Chef Daniel nimmt euch mit in eine Welt von Hapas &amp; Tapas [&hellip;]\" \/>\n<meta property=\"og:url\" content=\"https:\/\/chefdaniel.de\/?tribe_events=hapas-bis-tapas-strausswirtschaft-weingut-prana&amp;eventDate=2024-08-29\" \/>\n<meta property=\"og:site_name\" content=\"Chef Daniels Culinary Concepts - WINZZA\" \/>\n<meta property=\"article:modified_time\" content=\"2024-08-22T08:37:06+00:00\" \/>\n<meta property=\"og:image\" content=\"https:\/\/chefdaniel.de\/wp-content\/uploads\/2024\/08\/HapasTapas-1-1024x1024.png\" \/>\n\t<meta property=\"og:image:width\" content=\"1024\" \/>\n\t<meta property=\"og:image:height\" content=\"1024\" \/>\n\t<meta property=\"og:image:type\" content=\"image\/png\" \/>\n<meta name=\"twitter:card\" content=\"summary_large_image\" \/>\n<meta name=\"twitter:label1\" content=\"Gesch\u00e4tzte Lesezeit\" \/>\n\t<meta name=\"twitter:data1\" content=\"2\u00a0Minuten\" \/>\n<script type=\"application\/ld+json\" class=\"yoast-schema-graph\">{\"@context\":\"https:\/\/schema.org\",\"@graph\":[{\"@type\":\"WebPage\",\"@id\":\"https:\/\/chefdaniel.de\/?tribe_events=hapas-bis-tapas-strausswirtschaft-weingut-prana&eventDate=2024-08-29\",\"url\":\"https:\/\/chefdaniel.de\/?tribe_events=hapas-bis-tapas-strausswirtschaft-weingut-prana&eventDate=2024-08-29\",\"name\":\"Hapas bis Tapas Strau\u00dfwirtschaft @Weingut Prana - Chef Daniels Culinary Concepts - WINZZA\",\"isPartOf\":{\"@id\":\"https:\/\/chefdaniel.de\/#website\"},\"primaryImageOfPage\":{\"@id\":\"https:\/\/chefdaniel.de\/?tribe_events=hapas-bis-tapas-strausswirtschaft-weingut-prana&eventDate=2024-08-29#primaryimage\"},\"image\":{\"@id\":\"https:\/\/chefdaniel.de\/?tribe_events=hapas-bis-tapas-strausswirtschaft-weingut-prana&eventDate=2024-08-29#primaryimage\"},\"thumbnailUrl\":\"https:\/\/chefdaniel.de\/wp-content\/uploads\/2024\/08\/HapasTapas-1.png\",\"datePublished\":\"2024-08-22T08:15:44+00:00\",\"dateModified\":\"2024-08-22T08:37:06+00:00\",\"breadcrumb\":{\"@id\":\"https:\/\/chefdaniel.de\/?tribe_events=hapas-bis-tapas-strausswirtschaft-weingut-prana&eventDate=2024-08-29#breadcrumb\"},\"inLanguage\":\"de\",\"potentialAction\":[{\"@type\":\"ReadAction\",\"target\":[\"https:\/\/chefdaniel.de\/?tribe_events=hapas-bis-tapas-strausswirtschaft-weingut-prana&eventDate=2024-08-29\"]}]},{\"@type\":\"ImageObject\",\"inLanguage\":\"de\",\"@id\":\"https:\/\/chefdaniel.de\/?tribe_events=hapas-bis-tapas-strausswirtschaft-weingut-prana&eventDate=2024-08-29#primaryimage\",\"url\":\"https:\/\/chefdaniel.de\/wp-content\/uploads\/2024\/08\/HapasTapas-1.png\",\"contentUrl\":\"https:\/\/chefdaniel.de\/wp-content\/uploads\/2024\/08\/HapasTapas-1.png\",\"width\":1200,\"height\":1200,\"caption\":\"Tapas around the world von Chef Daniel bei Weingut Prana\"},{\"@type\":\"BreadcrumbList\",\"@id\":\"https:\/\/chefdaniel.de\/?tribe_events=hapas-bis-tapas-strausswirtschaft-weingut-prana&eventDate=2024-08-29#breadcrumb\",\"itemListElement\":[{\"@type\":\"ListItem\",\"position\":1,\"name\":\"Startseite\",\"item\":\"https:\/\/chefdaniel.de\/\"},{\"@type\":\"ListItem\",\"position\":2,\"name\":\"Veranstaltungen\",\"item\":\"https:\/\/chefdaniel.de\/?post_type=tribe_events\"},{\"@type\":\"ListItem\",\"position\":3,\"name\":\"Hapas bis Tapas Strau\u00dfwirtschaft @Weingut Prana\"}]},{\"@type\":\"WebSite\",\"@id\":\"https:\/\/chefdaniel.de\/#website\",\"url\":\"https:\/\/chefdaniel.de\/\",\"name\":\"CHEF DANIEL - CULINARY CONCEPTS\",\"description\":\"kulinarische Rheingauer Genussmomente vom kreativen Foodie Chef Daniel regional, saisonal &amp; nachhaltig\",\"publisher\":{\"@id\":\"https:\/\/chefdaniel.de\/#organization\"},\"potentialAction\":[{\"@type\":\"SearchAction\",\"target\":{\"@type\":\"EntryPoint\",\"urlTemplate\":\"https:\/\/chefdaniel.de\/?s={search_term_string}\"},\"query-input\":{\"@type\":\"PropertyValueSpecification\",\"valueRequired\":true,\"valueName\":\"search_term_string\"}}],\"inLanguage\":\"de\"},{\"@type\":\"Organization\",\"@id\":\"https:\/\/chefdaniel.de\/#organization\",\"name\":\"Chef Daniel - Consulting\",\"url\":\"https:\/\/chefdaniel.de\/\",\"logo\":{\"@type\":\"ImageObject\",\"inLanguage\":\"de\",\"@id\":\"https:\/\/chefdaniel.de\/#\/schema\/logo\/image\/\",\"url\":\"https:\/\/chefdaniel.de\/wp-content\/uploads\/2021\/01\/Chef-Daniel-Logo-_-final-blaue-Schrift-weisse-Schrift-2.png\",\"contentUrl\":\"https:\/\/chefdaniel.de\/wp-content\/uploads\/2021\/01\/Chef-Daniel-Logo-_-final-blaue-Schrift-weisse-Schrift-2.png\",\"width\":1080,\"height\":1080,\"caption\":\"Chef Daniel - Consulting\"},\"image\":{\"@id\":\"https:\/\/chefdaniel.de\/#\/schema\/logo\/image\/\"}}]}<\/script>\n<!-- \/ Yoast SEO plugin. -->","yoast_head_json":{"title":"Hapas bis Tapas Strau\u00dfwirtschaft @Weingut Prana - Chef Daniels Culinary Concepts - WINZZA","robots":{"index":"index","follow":"follow","max-snippet":"max-snippet:-1","max-image-preview":"max-image-preview:large","max-video-preview":"max-video-preview:-1"},"canonical":"https:\/\/chefdaniel.de\/?tribe_events=hapas-bis-tapas-strausswirtschaft-weingut-prana&eventDate=2024-08-29","og_locale":"de_DE","og_type":"article","og_title":"Hapas bis Tapas Strau\u00dfwirtschaft @Weingut Prana - Chef Daniels Culinary Concepts - WINZZA","og_description":"Hessische Tapas und allzeit beliebte Klassiker unterm Nussbaum geniessen&#8230; Kommt vorbei und lasst mit uns den Sommer ausklingen. Chef Daniel nimmt euch mit in eine Welt von Hapas &amp; Tapas [&hellip;]","og_url":"https:\/\/chefdaniel.de\/?tribe_events=hapas-bis-tapas-strausswirtschaft-weingut-prana&eventDate=2024-08-29","og_site_name":"Chef Daniels Culinary Concepts - WINZZA","article_modified_time":"2024-08-22T08:37:06+00:00","og_image":[{"width":1024,"height":1024,"url":"https:\/\/chefdaniel.de\/wp-content\/uploads\/2024\/08\/HapasTapas-1-1024x1024.png","type":"image\/png"}],"twitter_card":"summary_large_image","twitter_misc":{"Gesch\u00e4tzte Lesezeit":"2\u00a0Minuten"},"schema":{"@context":"https:\/\/schema.org","@graph":[{"@type":"WebPage","@id":"https:\/\/chefdaniel.de\/?tribe_events=hapas-bis-tapas-strausswirtschaft-weingut-prana&eventDate=2024-08-29","url":"https:\/\/chefdaniel.de\/?tribe_events=hapas-bis-tapas-strausswirtschaft-weingut-prana&eventDate=2024-08-29","name":"Hapas bis Tapas Strau\u00dfwirtschaft @Weingut Prana - Chef Daniels Culinary Concepts - WINZZA","isPartOf":{"@id":"https:\/\/chefdaniel.de\/#website"},"primaryImageOfPage":{"@id":"https:\/\/chefdaniel.de\/?tribe_events=hapas-bis-tapas-strausswirtschaft-weingut-prana&eventDate=2024-08-29#primaryimage"},"image":{"@id":"https:\/\/chefdaniel.de\/?tribe_events=hapas-bis-tapas-strausswirtschaft-weingut-prana&eventDate=2024-08-29#primaryimage"},"thumbnailUrl":"https:\/\/chefdaniel.de\/wp-content\/uploads\/2024\/08\/HapasTapas-1.png","datePublished":"2024-08-22T08:15:44+00:00","dateModified":"2024-08-22T08:37:06+00:00","breadcrumb":{"@id":"https:\/\/chefdaniel.de\/?tribe_events=hapas-bis-tapas-strausswirtschaft-weingut-prana&eventDate=2024-08-29#breadcrumb"},"inLanguage":"de","potentialAction":[{"@type":"ReadAction","target":["https:\/\/chefdaniel.de\/?tribe_events=hapas-bis-tapas-strausswirtschaft-weingut-prana&eventDate=2024-08-29"]}]},{"@type":"ImageObject","inLanguage":"de","@id":"https:\/\/chefdaniel.de\/?tribe_events=hapas-bis-tapas-strausswirtschaft-weingut-prana&eventDate=2024-08-29#primaryimage","url":"https:\/\/chefdaniel.de\/wp-content\/uploads\/2024\/08\/HapasTapas-1.png","contentUrl":"https:\/\/chefdaniel.de\/wp-content\/uploads\/2024\/08\/HapasTapas-1.png","width":1200,"height":1200,"caption":"Tapas around the world von Chef Daniel bei Weingut Prana"},{"@type":"BreadcrumbList","@id":"https:\/\/chefdaniel.de\/?tribe_events=hapas-bis-tapas-strausswirtschaft-weingut-prana&eventDate=2024-08-29#breadcrumb","itemListElement":[{"@type":"ListItem","position":1,"name":"Startseite","item":"https:\/\/chefdaniel.de\/"},{"@type":"ListItem","position":2,"name":"Veranstaltungen","item":"https:\/\/chefdaniel.de\/?post_type=tribe_events"},{"@type":"ListItem","position":3,"name":"Hapas bis Tapas Strau\u00dfwirtschaft @Weingut Prana"}]},{"@type":"WebSite","@id":"https:\/\/chefdaniel.de\/#website","url":"https:\/\/chefdaniel.de\/","name":"CHEF DANIEL - CULINARY CONCEPTS","description":"kulinarische Rheingauer Genussmomente vom kreativen Foodie Chef Daniel regional, saisonal &amp; nachhaltig","publisher":{"@id":"https:\/\/chefdaniel.de\/#organization"},"potentialAction":[{"@type":"SearchAction","target":{"@type":"EntryPoint","urlTemplate":"https:\/\/chefdaniel.de\/?s={search_term_string}"},"query-input":{"@type":"PropertyValueSpecification","valueRequired":true,"valueName":"search_term_string"}}],"inLanguage":"de"},{"@type":"Organization","@id":"https:\/\/chefdaniel.de\/#organization","name":"Chef Daniel - Consulting","url":"https:\/\/chefdaniel.de\/","logo":{"@type":"ImageObject","inLanguage":"de","@id":"https:\/\/chefdaniel.de\/#\/schema\/logo\/image\/","url":"https:\/\/chefdaniel.de\/wp-content\/uploads\/2021\/01\/Chef-Daniel-Logo-_-final-blaue-Schrift-weisse-Schrift-2.png","contentUrl":"https:\/\/chefdaniel.de\/wp-content\/uploads\/2021\/01\/Chef-Daniel-Logo-_-final-blaue-Schrift-weisse-Schrift-2.png","width":1080,"height":1080,"caption":"Chef Daniel - Consulting"},"image":{"@id":"https:\/\/chefdaniel.de\/#\/schema\/logo\/image\/"}}]}},"_links":{"self":[{"href":"https:\/\/chefdaniel.de\/index.php?rest_route=\/wp\/v2\/tribe_events\/10000522","targetHints":{"allow":["GET"]}}],"collection":[{"href":"https:\/\/chefdaniel.de\/index.php?rest_route=\/wp\/v2\/tribe_events"}],"about":[{"href":"https:\/\/chefdaniel.de\/index.php?rest_route=\/wp\/v2\/types\/tribe_events"}],"author":[{"embeddable":true,"href":"https:\/\/chefdaniel.de\/index.php?rest_route=\/wp\/v2\/users\/3"}],"version-history":[{"count":0,"href":"https:\/\/chefdaniel.de\/index.php?rest_route=\/wp\/v2\/tribe_events\/10000522\/revisions"}],"wp:featuredmedia":[{"embeddable":true,"href":"https:\/\/chefdaniel.de\/index.php?rest_route=\/wp\/v2\/media\/2205"}],"wp:attachment":[{"href":"https:\/\/chefdaniel.de\/index.php?rest_route=%2Fwp%2Fv2%2Fmedia&parent=10000522"}],"wp:term":[{"taxonomy":"post_tag","embeddable":true,"href":"https:\/\/chefdaniel.de\/index.php?rest_route=%2Fwp%2Fv2%2Ftags&post=10000522"},{"taxonomy":"tribe_events_cat","embeddable":true,"href":"https:\/\/chefdaniel.de\/index.php?rest_route=%2Fwp%2Fv2%2Ftribe_events_cat&post=10000522"}],"curies":[{"name":"wp","href":"https:\/\/api.w.org\/{rel}","templated":true}]}}