{"id":10000477,"date":"2024-02-07T19:58:08","date_gmt":"2024-02-07T19:58:08","guid":{"rendered":"https:\/\/chefdaniel.de\/?post_type=tribe_events&#038;p=2128"},"modified":"2024-11-05T18:48:45","modified_gmt":"2024-11-05T18:48:45","slug":"afterwork-im-weingut-prana","status":"publish","type":"tribe_events","link":"https:\/\/chefdaniel.de\/?tribe_events=afterwork-im-weingut-prana&eventDate=2024-12-19","title":{"rendered":"Winter Afterwork im Weingut Prana"},"content":{"rendered":"<p><span style=\"font-family: helvetica, arial, sans-serif;\">Save the date und schau vorbei beim Winterafterwork mit Gl\u00fchwein <strong>jeden Donnerstag<\/strong> ihm Weingut Prana . <\/span><\/p>\n<p><span style=\"font-family: helvetica, arial, sans-serif;\">Du kannst ganz entspannt und unkompliziert nach deiner Arbeit mit Freunden und Familie vorbeikommen, ein paar Gl\u00e4schen Wein oder jetzt auch Gl\u00fchwein genie\u00dfen und eine Kleinigkeit essen und die ersten genussvollen Geschenke f\u00fcr deine Liebsten bei unserem Mini Basar in der Kelterhalle erstehen.<\/span><\/p>\n<p><span style=\"font-family: helvetica, arial, sans-serif;\"> Lasst uns gemeinsam den Abend wohlverdient ausklingen und uns die Adventszeit einl\u00e4uten<\/span><\/p>\n<p><span style=\"font-family: helvetica, arial, sans-serif;\">.<\/span><\/p>\n<p><span style=\"text-decoration: underline;\"><span style=\"font-family: helvetica, arial, sans-serif;\"><strong>\u00d6ffnungszeiten:<\/strong> <\/span><\/span><\/p>\n<p><span style=\"font-family: helvetica, arial, sans-serif;\"><b>jeden Donnerstag 17:00 &#8211; 21:00Uhr\u00a0<\/b><\/span><\/p>\n<p>&nbsp;<\/p>\n<p><span style=\"font-family: helvetica, arial, sans-serif;\">\u00dcber Weingut Prana:<\/span><\/p>\n<p>Cosi &amp; Nik sind beide Quereinsteiger und haben 2019 sich w\u00e4hrend ihres Weinbaustudiums in Geisenheim kennengelernt. Noch w\u00e4hrend des Studiums, im Jahr 2021, entschieden Sie sich f\u00fcr die Gr\u00fcndung eines eigenen Weinguts. Der Name des Weinguts hat seinen Ursprung aus dem Yoga. Prana bedeutet Lebensenergie.<\/p>\n<p><span style=\"font-family: helvetica, arial, sans-serif;\">Ziel ist es Wein in h\u00f6chster Qualit\u00e4t zu erzeugen. Hier hat sich der Rheingau mit seinem gro\u00dfen Potenzial als ideal f\u00fcr erwiesen. Beide sind bestrebt, den Weinbau nach ihren Vorstellungen nachhaltig und zukunftsorientiert zu betreiben. Daher stellen Sie so manches Traditionelle gerne mal auf die Probe und schlagen neue Wege ein.<\/span><\/p>\n<p><span style=\"font-family: helvetica, arial, sans-serif;\"> <a href=\"https:\/\/www.weingutprana.de\/event-details\/fruhjahrs-strausse\">hier!<\/a><\/span><\/p>\n<p>&nbsp;<\/p>\n<p style=\"text-align: center;\"><span style=\"font-family: helvetica, arial, sans-serif;\"><a href=\"https:\/\/chefdaniel.de\/?post_type=tribe_events\" target=\"_blank\" rel=\"noopener\">mehr Winzza Veranstaltungen<\/a><\/span><\/p>\n<p>&nbsp;<\/p>\n<h4 style=\"text-align: center;\"><span style=\"font-size: 8pt; font-family: helvetica, arial, sans-serif;\">more about Winzza:<\/span><\/h4>\n<p style=\"text-align: center;\"><span style=\"font-size: 8pt; color: #999999; font-family: helvetica, arial, sans-serif;\">Winzza ist ein mobiles Foodkonzept mit dem passendem Snack zum Wein. Unsere Winzza ist \u00a0knusprig wie ein Flammkuchen und dabei fluffig wie eine Pizza und ist mit regionalen Toppings belegt. So bringen wir beliebte Klassiker, wie den roten Spundek\u00e4se neu interpretiert auf den Tisch oder besser gesagt auf die Winzza. Der kreative Kopf bei Winzza, Chef Daniel ist immer auf der Suche nach dem perfekten Flavor Pairing. Da Saisonalit\u00e4t und Regionalit\u00e4t bei uns gro\u00df geschrieben gibt es immer wechselnde Winzza Sorten, auf die dich freuen kannst. So wird es auch f\u00fcr dich als Winzza Fan nicht langweilig. Wir freuen uns regionale Klassiker, wie Handk\u00e4se neu zu interpretieren oder \u00a0auch mal gr\u00fcne So\u00dfe auf die Winzza zu packen. Mit regionalen und saisonalen Bel\u00e4gen, bringen wir Abwechslung auf deinen Speiseplan. Dem derzeitigen Ern\u00e4hrungstrend gerecht werdend findet ihr bei uns auch immer eine vegan und pflanzenbasierte Sorte.\u00a0<\/span><\/p>\n<p>&nbsp;<\/p>\n<p>&nbsp;<\/p>\n","protected":false},"excerpt":{"rendered":"<p>Save the date und schau vorbei beim Winterafterwork mit Gl\u00fchwein jeden Donnerstag ihm Weingut Prana . Du kannst ganz entspannt und unkompliziert nach deiner Arbeit mit Freunden und Familie vorbeikommen, [&hellip;]<\/p>\n","protected":false},"author":3,"featured_media":2246,"template":"","meta":{"_tribe_events_status":"","_tribe_events_status_reason":"","_tribe_events_is_hybrid":"","_tribe_events_is_virtual":"","_tribe_events_virtual_video_source":"","_tribe_events_virtual_embed_video":"","_tribe_events_virtual_linked_button_text":"","_tribe_events_virtual_linked_button":"","_tribe_events_virtual_show_embed_at":"","_tribe_events_virtual_show_embed_to":[],"_tribe_events_virtual_show_on_event":"","_tribe_events_virtual_show_on_views":"","_tribe_events_virtual_url":"","footnotes":""},"tags":[56,49,21,14],"tribe_events_cat":[11,10],"class_list":["post-10000477","tribe_events","type-tribe_events","status-publish","has-post-thumbnail","hentry","tag-afterwork","tag-prana","tag-strausswirtschaft","tag-weingut","tribe_events_cat-events","tribe_events_cat-winzza-in-weinguetern","cat_events","cat_winzza-in-weinguetern","tribe-recurring-event","tribe-recurring-event-parent"],"yoast_head":"<!-- This site is optimized with the Yoast SEO plugin v26.8 - https:\/\/yoast.com\/product\/yoast-seo-wordpress\/ -->\n<title>Winter Afterwork im Weingut Prana - Chef Daniels Culinary Concepts - WINZZA<\/title>\n<meta name=\"description\" content=\"Jeden Donnerstag: Geniesse in Chillout Atmosph\u00e4re hei\u00dfen Gl\u00fchwein und Kleinigkeiten zum Essen mit Freunden &amp; Familie und unserem kl. Basar!\" \/>\n<meta name=\"robots\" content=\"index, follow, max-snippet:-1, max-image-preview:large, max-video-preview:-1\" \/>\n<link rel=\"canonical\" href=\"https:\/\/chefdaniel.de\/?tribe_events=afterwork-im-weingut-prana&eventDate=2024-12-19\" \/>\n<meta property=\"og:locale\" content=\"de_DE\" \/>\n<meta property=\"og:type\" content=\"article\" \/>\n<meta property=\"og:title\" content=\"Winter Afterwork im Weingut Prana - Chef Daniels Culinary Concepts - WINZZA\" \/>\n<meta property=\"og:description\" content=\"Jeden Donnerstag: Geniesse in Chillout Atmosph\u00e4re hei\u00dfen Gl\u00fchwein und Kleinigkeiten zum Essen mit Freunden &amp; Familie und unserem kl. Basar!\" \/>\n<meta property=\"og:url\" content=\"https:\/\/chefdaniel.de\/?tribe_events=afterwork-im-weingut-prana&amp;eventDate=2024-12-19\" \/>\n<meta property=\"og:site_name\" content=\"Chef Daniels Culinary Concepts - WINZZA\" \/>\n<meta property=\"article:modified_time\" content=\"2024-11-05T18:48:45+00:00\" \/>\n<meta property=\"og:image\" content=\"https:\/\/chefdaniel.de\/wp-content\/uploads\/2024\/02\/Mein-Post-1.png\" \/>\n\t<meta property=\"og:image:width\" content=\"1080\" \/>\n\t<meta property=\"og:image:height\" content=\"1080\" \/>\n\t<meta property=\"og:image:type\" content=\"image\/png\" \/>\n<meta name=\"twitter:card\" content=\"summary_large_image\" \/>\n<meta name=\"twitter:label1\" content=\"Gesch\u00e4tzte Lesezeit\" \/>\n\t<meta name=\"twitter:data1\" content=\"3\u00a0Minuten\" \/>\n<script type=\"application\/ld+json\" class=\"yoast-schema-graph\">{\"@context\":\"https:\/\/schema.org\",\"@graph\":[{\"@type\":\"WebPage\",\"@id\":\"https:\/\/chefdaniel.de\/?tribe_events=afterwork-im-weingut-prana&eventDate=2024-12-19\",\"url\":\"https:\/\/chefdaniel.de\/?tribe_events=afterwork-im-weingut-prana&eventDate=2024-12-19\",\"name\":\"Winter Afterwork im Weingut Prana - Chef Daniels Culinary Concepts - WINZZA\",\"isPartOf\":{\"@id\":\"https:\/\/chefdaniel.de\/#website\"},\"primaryImageOfPage\":{\"@id\":\"https:\/\/chefdaniel.de\/?tribe_events=afterwork-im-weingut-prana&eventDate=2024-12-19#primaryimage\"},\"image\":{\"@id\":\"https:\/\/chefdaniel.de\/?tribe_events=afterwork-im-weingut-prana&eventDate=2024-12-19#primaryimage\"},\"thumbnailUrl\":\"https:\/\/chefdaniel.de\/wp-content\/uploads\/2024\/02\/Mein-Post-1.png\",\"datePublished\":\"2024-02-07T19:58:08+00:00\",\"dateModified\":\"2024-11-05T18:48:45+00:00\",\"description\":\"Jeden Donnerstag: Geniesse in Chillout Atmosph\u00e4re hei\u00dfen Gl\u00fchwein und Kleinigkeiten zum Essen mit Freunden & Familie und unserem kl. Basar!\",\"breadcrumb\":{\"@id\":\"https:\/\/chefdaniel.de\/?tribe_events=afterwork-im-weingut-prana&eventDate=2024-12-19#breadcrumb\"},\"inLanguage\":\"de\",\"potentialAction\":[{\"@type\":\"ReadAction\",\"target\":[\"https:\/\/chefdaniel.de\/?tribe_events=afterwork-im-weingut-prana&eventDate=2024-12-19\"]}]},{\"@type\":\"ImageObject\",\"inLanguage\":\"de\",\"@id\":\"https:\/\/chefdaniel.de\/?tribe_events=afterwork-im-weingut-prana&eventDate=2024-12-19#primaryimage\",\"url\":\"https:\/\/chefdaniel.de\/wp-content\/uploads\/2024\/02\/Mein-Post-1.png\",\"contentUrl\":\"https:\/\/chefdaniel.de\/wp-content\/uploads\/2024\/02\/Mein-Post-1.png\",\"width\":1080,\"height\":1080,\"caption\":\"Winter Afterwork @ Weingut Prana mit Gl\u00fchwein, Essen und kleinem Wiehnachtsbasar jeden Donnerstag ab 17:00Uhr\"},{\"@type\":\"BreadcrumbList\",\"@id\":\"https:\/\/chefdaniel.de\/?tribe_events=afterwork-im-weingut-prana&eventDate=2024-12-19#breadcrumb\",\"itemListElement\":[{\"@type\":\"ListItem\",\"position\":1,\"name\":\"Startseite\",\"item\":\"https:\/\/chefdaniel.de\/\"},{\"@type\":\"ListItem\",\"position\":2,\"name\":\"Veranstaltungen\",\"item\":\"https:\/\/chefdaniel.de\/?post_type=tribe_events\"},{\"@type\":\"ListItem\",\"position\":3,\"name\":\"Winter Afterwork im Weingut Prana\"}]},{\"@type\":\"WebSite\",\"@id\":\"https:\/\/chefdaniel.de\/#website\",\"url\":\"https:\/\/chefdaniel.de\/\",\"name\":\"CHEF DANIEL - CULINARY CONCEPTS\",\"description\":\"kulinarische Rheingauer Genussmomente vom kreativen Foodie Chef Daniel regional, saisonal &amp; nachhaltig\",\"publisher\":{\"@id\":\"https:\/\/chefdaniel.de\/#organization\"},\"potentialAction\":[{\"@type\":\"SearchAction\",\"target\":{\"@type\":\"EntryPoint\",\"urlTemplate\":\"https:\/\/chefdaniel.de\/?s={search_term_string}\"},\"query-input\":{\"@type\":\"PropertyValueSpecification\",\"valueRequired\":true,\"valueName\":\"search_term_string\"}}],\"inLanguage\":\"de\"},{\"@type\":\"Organization\",\"@id\":\"https:\/\/chefdaniel.de\/#organization\",\"name\":\"Chef Daniel - Consulting\",\"url\":\"https:\/\/chefdaniel.de\/\",\"logo\":{\"@type\":\"ImageObject\",\"inLanguage\":\"de\",\"@id\":\"https:\/\/chefdaniel.de\/#\/schema\/logo\/image\/\",\"url\":\"https:\/\/chefdaniel.de\/wp-content\/uploads\/2021\/01\/Chef-Daniel-Logo-_-final-blaue-Schrift-weisse-Schrift-2.png\",\"contentUrl\":\"https:\/\/chefdaniel.de\/wp-content\/uploads\/2021\/01\/Chef-Daniel-Logo-_-final-blaue-Schrift-weisse-Schrift-2.png\",\"width\":1080,\"height\":1080,\"caption\":\"Chef Daniel - Consulting\"},\"image\":{\"@id\":\"https:\/\/chefdaniel.de\/#\/schema\/logo\/image\/\"}}]}<\/script>\n<!-- \/ Yoast SEO plugin. -->","yoast_head_json":{"title":"Winter Afterwork im Weingut Prana - Chef Daniels Culinary Concepts - WINZZA","description":"Jeden Donnerstag: Geniesse in Chillout Atmosph\u00e4re hei\u00dfen Gl\u00fchwein und Kleinigkeiten zum Essen mit Freunden & Familie und unserem kl. Basar!","robots":{"index":"index","follow":"follow","max-snippet":"max-snippet:-1","max-image-preview":"max-image-preview:large","max-video-preview":"max-video-preview:-1"},"canonical":"https:\/\/chefdaniel.de\/?tribe_events=afterwork-im-weingut-prana&eventDate=2024-12-19","og_locale":"de_DE","og_type":"article","og_title":"Winter Afterwork im Weingut Prana - Chef Daniels Culinary Concepts - WINZZA","og_description":"Jeden Donnerstag: Geniesse in Chillout Atmosph\u00e4re hei\u00dfen Gl\u00fchwein und Kleinigkeiten zum Essen mit Freunden & Familie und unserem kl. Basar!","og_url":"https:\/\/chefdaniel.de\/?tribe_events=afterwork-im-weingut-prana&eventDate=2024-12-19","og_site_name":"Chef Daniels Culinary Concepts - WINZZA","article_modified_time":"2024-11-05T18:48:45+00:00","og_image":[{"width":1080,"height":1080,"url":"https:\/\/chefdaniel.de\/wp-content\/uploads\/2024\/02\/Mein-Post-1.png","type":"image\/png"}],"twitter_card":"summary_large_image","twitter_misc":{"Gesch\u00e4tzte Lesezeit":"3\u00a0Minuten"},"schema":{"@context":"https:\/\/schema.org","@graph":[{"@type":"WebPage","@id":"https:\/\/chefdaniel.de\/?tribe_events=afterwork-im-weingut-prana&eventDate=2024-12-19","url":"https:\/\/chefdaniel.de\/?tribe_events=afterwork-im-weingut-prana&eventDate=2024-12-19","name":"Winter Afterwork im Weingut Prana - Chef Daniels Culinary Concepts - WINZZA","isPartOf":{"@id":"https:\/\/chefdaniel.de\/#website"},"primaryImageOfPage":{"@id":"https:\/\/chefdaniel.de\/?tribe_events=afterwork-im-weingut-prana&eventDate=2024-12-19#primaryimage"},"image":{"@id":"https:\/\/chefdaniel.de\/?tribe_events=afterwork-im-weingut-prana&eventDate=2024-12-19#primaryimage"},"thumbnailUrl":"https:\/\/chefdaniel.de\/wp-content\/uploads\/2024\/02\/Mein-Post-1.png","datePublished":"2024-02-07T19:58:08+00:00","dateModified":"2024-11-05T18:48:45+00:00","description":"Jeden Donnerstag: Geniesse in Chillout Atmosph\u00e4re hei\u00dfen Gl\u00fchwein und Kleinigkeiten zum Essen mit Freunden & Familie und unserem kl. Basar!","breadcrumb":{"@id":"https:\/\/chefdaniel.de\/?tribe_events=afterwork-im-weingut-prana&eventDate=2024-12-19#breadcrumb"},"inLanguage":"de","potentialAction":[{"@type":"ReadAction","target":["https:\/\/chefdaniel.de\/?tribe_events=afterwork-im-weingut-prana&eventDate=2024-12-19"]}]},{"@type":"ImageObject","inLanguage":"de","@id":"https:\/\/chefdaniel.de\/?tribe_events=afterwork-im-weingut-prana&eventDate=2024-12-19#primaryimage","url":"https:\/\/chefdaniel.de\/wp-content\/uploads\/2024\/02\/Mein-Post-1.png","contentUrl":"https:\/\/chefdaniel.de\/wp-content\/uploads\/2024\/02\/Mein-Post-1.png","width":1080,"height":1080,"caption":"Winter Afterwork @ Weingut Prana mit Gl\u00fchwein, Essen und kleinem Wiehnachtsbasar jeden Donnerstag ab 17:00Uhr"},{"@type":"BreadcrumbList","@id":"https:\/\/chefdaniel.de\/?tribe_events=afterwork-im-weingut-prana&eventDate=2024-12-19#breadcrumb","itemListElement":[{"@type":"ListItem","position":1,"name":"Startseite","item":"https:\/\/chefdaniel.de\/"},{"@type":"ListItem","position":2,"name":"Veranstaltungen","item":"https:\/\/chefdaniel.de\/?post_type=tribe_events"},{"@type":"ListItem","position":3,"name":"Winter Afterwork im Weingut Prana"}]},{"@type":"WebSite","@id":"https:\/\/chefdaniel.de\/#website","url":"https:\/\/chefdaniel.de\/","name":"CHEF DANIEL - CULINARY CONCEPTS","description":"kulinarische Rheingauer Genussmomente vom kreativen Foodie Chef Daniel regional, saisonal &amp; nachhaltig","publisher":{"@id":"https:\/\/chefdaniel.de\/#organization"},"potentialAction":[{"@type":"SearchAction","target":{"@type":"EntryPoint","urlTemplate":"https:\/\/chefdaniel.de\/?s={search_term_string}"},"query-input":{"@type":"PropertyValueSpecification","valueRequired":true,"valueName":"search_term_string"}}],"inLanguage":"de"},{"@type":"Organization","@id":"https:\/\/chefdaniel.de\/#organization","name":"Chef Daniel - Consulting","url":"https:\/\/chefdaniel.de\/","logo":{"@type":"ImageObject","inLanguage":"de","@id":"https:\/\/chefdaniel.de\/#\/schema\/logo\/image\/","url":"https:\/\/chefdaniel.de\/wp-content\/uploads\/2021\/01\/Chef-Daniel-Logo-_-final-blaue-Schrift-weisse-Schrift-2.png","contentUrl":"https:\/\/chefdaniel.de\/wp-content\/uploads\/2021\/01\/Chef-Daniel-Logo-_-final-blaue-Schrift-weisse-Schrift-2.png","width":1080,"height":1080,"caption":"Chef Daniel - Consulting"},"image":{"@id":"https:\/\/chefdaniel.de\/#\/schema\/logo\/image\/"}}]}},"_links":{"self":[{"href":"https:\/\/chefdaniel.de\/index.php?rest_route=\/wp\/v2\/tribe_events\/10000477","targetHints":{"allow":["GET"]}}],"collection":[{"href":"https:\/\/chefdaniel.de\/index.php?rest_route=\/wp\/v2\/tribe_events"}],"about":[{"href":"https:\/\/chefdaniel.de\/index.php?rest_route=\/wp\/v2\/types\/tribe_events"}],"author":[{"embeddable":true,"href":"https:\/\/chefdaniel.de\/index.php?rest_route=\/wp\/v2\/users\/3"}],"version-history":[{"count":0,"href":"https:\/\/chefdaniel.de\/index.php?rest_route=\/wp\/v2\/tribe_events\/10000477\/revisions"}],"wp:featuredmedia":[{"embeddable":true,"href":"https:\/\/chefdaniel.de\/index.php?rest_route=\/wp\/v2\/media\/2246"}],"wp:attachment":[{"href":"https:\/\/chefdaniel.de\/index.php?rest_route=%2Fwp%2Fv2%2Fmedia&parent=10000477"}],"wp:term":[{"taxonomy":"post_tag","embeddable":true,"href":"https:\/\/chefdaniel.de\/index.php?rest_route=%2Fwp%2Fv2%2Ftags&post=10000477"},{"taxonomy":"tribe_events_cat","embeddable":true,"href":"https:\/\/chefdaniel.de\/index.php?rest_route=%2Fwp%2Fv2%2Ftribe_events_cat&post=10000477"}],"curies":[{"name":"wp","href":"https:\/\/api.w.org\/{rel}","templated":true}]}}