{"id":10000376,"date":"2023-05-23T13:05:14","date_gmt":"2023-05-23T13:05:14","guid":{"rendered":"https:\/\/chefdaniel.de\/?post_type=tribe_events&#038;p=1690"},"modified":"2023-05-23T13:05:14","modified_gmt":"2023-05-23T13:05:14","slug":"winzza-am-weintreff-erbach-mit-weinhof-martin-2","status":"publish","type":"tribe_events","link":"https:\/\/chefdaniel.de\/?tribe_events=winzza-am-weintreff-erbach-mit-weinhof-martin-2&eventDate=2022-10-06","title":{"rendered":"Winzza am Weintreff Erbach mit Weinhof Martin"},"content":{"rendered":"<p><span style=\"font-family: helvetica, arial, sans-serif; color: #333333;\">Mit Weinhof Martin kommen wir an den Erbacher Weinstand und verw\u00f6hnen euch mit frischer Winzza.<\/span><\/p>\n<p>&nbsp;<\/p>\n<p><span style=\"font-family: helvetica, arial, sans-serif; color: #333333;\">Nur bei gutem Wetter!<\/span><\/p>\n<div class=\"n module-type-header diyfeLiveArea \">\n<h2><span class=\"diyfeDecoration\" style=\"font-family: helvetica, arial, sans-serif; color: #333333;\">\u00d6ffnungszeiten:<\/span><\/h2>\n<\/div>\n<div class=\"n module-type-table diyfeLiveArea \">\n<div id=\"table_27988062\">\n<div id=\"table_27988062_container\" class=\"tableContainer\">\n<table border=\"0\" cellspacing=\"0\" cellpadding=\"3\">\n<tbody>\n<tr>\n<td><span style=\"font-family: helvetica, arial, sans-serif; color: #333333;\">Donnerstag:<\/span><\/td>\n<td><\/td>\n<td><span style=\"font-family: helvetica, arial, sans-serif; color: #333333;\">ab 17:00 Uhr<\/span><\/td>\n<\/tr>\n<tr>\n<td><span style=\"font-family: helvetica, arial, sans-serif; color: #333333;\">Freitag:<\/span><\/td>\n<td><\/td>\n<td><span style=\"font-family: helvetica, arial, sans-serif; color: #333333;\">ab 16:00 Uhr<\/span><\/td>\n<\/tr>\n<tr>\n<td><span style=\"font-family: helvetica, arial, sans-serif; color: #333333;\">Samstag:<\/span><\/td>\n<td><\/td>\n<td><span style=\"font-family: helvetica, arial, sans-serif; color: #333333;\">ab 16:00 Uhr<\/span><\/td>\n<\/tr>\n<tr>\n<td><span style=\"font-family: helvetica, arial, sans-serif; color: #333333;\">Sonntag:<\/span><\/td>\n<td><\/td>\n<td><span style=\"font-family: helvetica, arial, sans-serif; color: #333333;\">ab 11:00 Uhr<\/span><\/td>\n<\/tr>\n<tr>\n<td><span style=\"font-family: helvetica, arial, sans-serif; color: #333333;\">Feiertag:<\/span><\/td>\n<td><\/td>\n<td><span style=\"font-family: helvetica, arial, sans-serif; color: #333333;\">ab 11:00 Uhr<\/span><\/td>\n<\/tr>\n<\/tbody>\n<\/table>\n<\/div>\n<div class=\"c\"><\/div>\n<\/div>\n<\/div>\n<div class=\"n module-type-hr diyfeLiveArea \">\n<div>\n<div class=\"hr\"><\/div>\n<\/div>\n<\/div>\n<div class=\"n module-type-header diyfeLiveArea \">\n<h2><span class=\"diyfeDecoration\" style=\"font-family: helvetica, arial, sans-serif; color: #333333;\">Hier findet Uns<\/span><\/h2>\n<\/div>\n<div class=\"n module-type-text diyfeLiveArea \">\n<p><span style=\"font-family: helvetica, arial, sans-serif; color: #333333;\">WeinTreff Erbach<\/span><br \/>\n<span style=\"font-family: helvetica, arial, sans-serif; color: #333333;\">Parkplatz Rheinallee<\/span><br \/>\n<span style=\"font-family: helvetica, arial, sans-serif; color: #333333;\">65346 Erbach<\/span><\/p>\n<h2><span style=\"font-family: helvetica, arial, sans-serif; font-size: 12pt;\">\u00dcber das Weingut:<\/span><\/h2>\n<p><img loading=\"lazy\" decoding=\"async\" class=\"size-full wp-image-864 alignleft\" src=\"https:\/\/chefdaniel.de\/wp-content\/uploads\/2022\/02\/cropped-Weinhofmartin-1.png\" alt=\"\" width=\"225\" height=\"225\" srcset=\"https:\/\/chefdaniel.de\/wp-content\/uploads\/2022\/02\/cropped-Weinhofmartin-1.png 225w, https:\/\/chefdaniel.de\/wp-content\/uploads\/2022\/02\/cropped-Weinhofmartin-1-150x150.png 150w\" sizes=\"auto, (max-width: 225px) 100vw, 225px\" \/><span style=\"font-family: helvetica, arial, sans-serif; color: #333333;\">Ein Weingut der 3. Generation im Rheingau, Qualit\u00e4t &amp; Vielfalt sind die Markenzeichen von Weinhof Martin. Das Weingut ist bekannt f\u00fcr die hohe Qualit\u00e4t der Weine, Sekte und weiterer Erzeugnisse.\u00a0Fruchtige Wei\u00dfweine, charaktervolle Rotweine, feinperlige Sekte und spritzige Perlweine sind das Ergebnis der Arbeit, der mit gr\u00f6\u00dfter Leidenschaft nachgegangen wird.<\/span><\/p>\n<p><span style=\"font-family: helvetica, arial, sans-serif; color: #333333;\">Eleganten Rieslingweine\u00a0begeistern Weinkenner ebenso wie blumigen\u00a0Wei\u00dfburgunder, aromatischer Chardonnay\u00a0und nicht zuletzt fruchtbetonter\u00a0Goldmuskateller, der als erstes Weingut im Rheingau pr\u00e4sentiert wird.<\/span><\/p>\n<p><span style=\"font-family: helvetica, arial, sans-serif; color: #333333;\">mehr Infos zu Weinhof Martin gibt es hier:<\/span><\/p>\n<p><!--more--><\/p>\n<h4><span style=\"font-family: helvetica, arial, sans-serif; color: #999999; font-size: 8pt;\">more about Winzza:<\/span><\/h4>\n<p><span style=\"font-family: helvetica, arial, sans-serif; color: #999999; font-size: 8pt;\">Winzza ist ein mobiles Foodkonzept mit dem passendem Snack zum Wein. Unsere Winzza ist \u00a0knusprig wie ein Flammkuchen und dabei fluffig wie eine Pizza und ist mit regionalen Toppings belegt. So bringen wir beliebte Klassiker, wie den roten Spundek\u00e4se neu interpretiert auf den Tisch oder besser gesagt auf die Winzza. Der kreative Kopf bei Winzza, Chef Daniel ist immer auf der Suche nach dem perfekten Flavor Pairing. Da Saisonalit\u00e4t und Regionalit\u00e4t bei uns gro\u00df geschrieben gibt es immer wechselnde Winzza Sorten, auf die dich freuen kannst. So wird es auch f\u00fcr dich als Winzza Fan nicht langweilig. Wir freuen uns regionale Klassiker, wie Handk\u00e4se neu zu interpretieren oder \u00a0auch mal gr\u00fcne So\u00dfe auf die Winzza zu packen. Mit regionalen und saisonalen Bel\u00e4gen, bringen wir Abwechslung auf deinen Speiseplan. Dem derzeitigen Ern\u00e4hrungstrend gerecht werdend findet ihr bei uns auch immer eine vegan und pflanzenbasierte Sorte.\u00a0<\/span><\/p>\n<p style=\"text-align: center;\"><span style=\"font-family: helvetica, arial, sans-serif; color: #333333;\"><a style=\"color: #333333;\" href=\"https:\/\/chefdaniel.de\/?post_type=tribe_events\" target=\"_blank\" rel=\"noopener\">mehr Winzza Veranstaltungen<\/a><\/span><\/p>\n<\/div>\n","protected":false},"excerpt":{"rendered":"<p>Mit Weinhof Martin kommen wir an den Erbacher Weinstand und verw\u00f6hnen euch mit frischer Winzza. &nbsp; Nur bei gutem Wetter! \u00d6ffnungszeiten: Donnerstag: ab 17:00 Uhr Freitag: ab 16:00 Uhr Samstag: [&hellip;]<\/p>\n","protected":false},"author":1,"featured_media":1345,"template":"","meta":{"_tribe_events_status":"","_tribe_events_status_reason":"","_tribe_events_is_hybrid":"","_tribe_events_is_virtual":"","_tribe_events_virtual_video_source":"","_tribe_events_virtual_embed_video":"","_tribe_events_virtual_linked_button_text":"","_tribe_events_virtual_linked_button":"","_tribe_events_virtual_show_embed_at":"","_tribe_events_virtual_show_embed_to":[],"_tribe_events_virtual_show_on_event":"","_tribe_events_virtual_show_on_views":"","_tribe_events_virtual_url":"","footnotes":""},"tags":[18,25,26,15],"tribe_events_cat":[9],"class_list":["post-10000376","tribe_events","type-tribe_events","status-publish","has-post-thumbnail","hentry","tag-rheingau","tag-weinhof-martin","tag-weinstand","tag-winzza","tribe_events_cat-winzza-am-weinstand","cat_winzza-am-weinstand","tribe-recurring-event","tribe-recurring-event-parent"],"yoast_head":"<!-- This site is optimized with the Yoast SEO plugin v26.8 - https:\/\/yoast.com\/product\/yoast-seo-wordpress\/ -->\n<title>Winzza am Weintreff Erbach mit Weinhof Martin - Chef Daniels Culinary Concepts - WINZZA<\/title>\n<meta name=\"robots\" content=\"index, follow, max-snippet:-1, max-image-preview:large, max-video-preview:-1\" \/>\n<link rel=\"canonical\" href=\"https:\/\/chefdaniel.de\/?tribe_events=winzza-am-weintreff-erbach-mit-weinhof-martin-2&eventDate=2022-10-06\" \/>\n<meta property=\"og:locale\" content=\"de_DE\" \/>\n<meta property=\"og:type\" content=\"article\" \/>\n<meta property=\"og:title\" content=\"Winzza am Weintreff Erbach mit Weinhof Martin - Chef Daniels Culinary Concepts - WINZZA\" \/>\n<meta property=\"og:description\" content=\"Mit Weinhof Martin kommen wir an den Erbacher Weinstand und verw\u00f6hnen euch mit frischer Winzza. &nbsp; Nur bei gutem Wetter! \u00d6ffnungszeiten: Donnerstag: ab 17:00 Uhr Freitag: ab 16:00 Uhr Samstag: [&hellip;]\" \/>\n<meta property=\"og:url\" content=\"https:\/\/chefdaniel.de\/?tribe_events=winzza-am-weintreff-erbach-mit-weinhof-martin-2&amp;eventDate=2022-10-06\" \/>\n<meta property=\"og:site_name\" content=\"Chef Daniels Culinary Concepts - WINZZA\" \/>\n<meta property=\"og:image\" content=\"https:\/\/chefdaniel.de\/wp-content\/uploads\/2022\/03\/weinhofMartin-1024x1024.png\" \/>\n\t<meta property=\"og:image:width\" content=\"1024\" \/>\n\t<meta property=\"og:image:height\" content=\"1024\" \/>\n\t<meta property=\"og:image:type\" content=\"image\/png\" \/>\n<meta name=\"twitter:card\" content=\"summary_large_image\" \/>\n<meta name=\"twitter:label1\" content=\"Gesch\u00e4tzte Lesezeit\" \/>\n\t<meta name=\"twitter:data1\" content=\"2\u00a0Minuten\" \/>\n<script type=\"application\/ld+json\" class=\"yoast-schema-graph\">{\"@context\":\"https:\/\/schema.org\",\"@graph\":[{\"@type\":\"WebPage\",\"@id\":\"https:\/\/chefdaniel.de\/?tribe_events=winzza-am-weintreff-erbach-mit-weinhof-martin-2&eventDate=2022-10-06\",\"url\":\"https:\/\/chefdaniel.de\/?tribe_events=winzza-am-weintreff-erbach-mit-weinhof-martin-2&eventDate=2022-10-06\",\"name\":\"Winzza am Weintreff Erbach mit Weinhof Martin - Chef Daniels Culinary Concepts - WINZZA\",\"isPartOf\":{\"@id\":\"https:\/\/chefdaniel.de\/#website\"},\"primaryImageOfPage\":{\"@id\":\"https:\/\/chefdaniel.de\/?tribe_events=winzza-am-weintreff-erbach-mit-weinhof-martin-2&eventDate=2022-10-06#primaryimage\"},\"image\":{\"@id\":\"https:\/\/chefdaniel.de\/?tribe_events=winzza-am-weintreff-erbach-mit-weinhof-martin-2&eventDate=2022-10-06#primaryimage\"},\"thumbnailUrl\":\"https:\/\/chefdaniel.de\/wp-content\/uploads\/2022\/03\/weinhofMartin.png\",\"datePublished\":\"2023-05-23T13:05:14+00:00\",\"breadcrumb\":{\"@id\":\"https:\/\/chefdaniel.de\/?tribe_events=winzza-am-weintreff-erbach-mit-weinhof-martin-2&eventDate=2022-10-06#breadcrumb\"},\"inLanguage\":\"de\",\"potentialAction\":[{\"@type\":\"ReadAction\",\"target\":[\"https:\/\/chefdaniel.de\/?tribe_events=winzza-am-weintreff-erbach-mit-weinhof-martin-2&eventDate=2022-10-06\"]}]},{\"@type\":\"ImageObject\",\"inLanguage\":\"de\",\"@id\":\"https:\/\/chefdaniel.de\/?tribe_events=winzza-am-weintreff-erbach-mit-weinhof-martin-2&eventDate=2022-10-06#primaryimage\",\"url\":\"https:\/\/chefdaniel.de\/wp-content\/uploads\/2022\/03\/weinhofMartin.png\",\"contentUrl\":\"https:\/\/chefdaniel.de\/wp-content\/uploads\/2022\/03\/weinhofMartin.png\",\"width\":1280,\"height\":1280},{\"@type\":\"BreadcrumbList\",\"@id\":\"https:\/\/chefdaniel.de\/?tribe_events=winzza-am-weintreff-erbach-mit-weinhof-martin-2&eventDate=2022-10-06#breadcrumb\",\"itemListElement\":[{\"@type\":\"ListItem\",\"position\":1,\"name\":\"Startseite\",\"item\":\"https:\/\/chefdaniel.de\/\"},{\"@type\":\"ListItem\",\"position\":2,\"name\":\"Veranstaltungen\",\"item\":\"https:\/\/chefdaniel.de\/?post_type=tribe_events\"},{\"@type\":\"ListItem\",\"position\":3,\"name\":\"Winzza am Weintreff Erbach mit Weinhof Martin\"}]},{\"@type\":\"WebSite\",\"@id\":\"https:\/\/chefdaniel.de\/#website\",\"url\":\"https:\/\/chefdaniel.de\/\",\"name\":\"CHEF DANIEL - CULINARY CONCEPTS\",\"description\":\"kulinarische Rheingauer Genussmomente vom kreativen Foodie Chef Daniel regional, saisonal &amp; nachhaltig\",\"publisher\":{\"@id\":\"https:\/\/chefdaniel.de\/#organization\"},\"potentialAction\":[{\"@type\":\"SearchAction\",\"target\":{\"@type\":\"EntryPoint\",\"urlTemplate\":\"https:\/\/chefdaniel.de\/?s={search_term_string}\"},\"query-input\":{\"@type\":\"PropertyValueSpecification\",\"valueRequired\":true,\"valueName\":\"search_term_string\"}}],\"inLanguage\":\"de\"},{\"@type\":\"Organization\",\"@id\":\"https:\/\/chefdaniel.de\/#organization\",\"name\":\"Chef Daniel - Consulting\",\"url\":\"https:\/\/chefdaniel.de\/\",\"logo\":{\"@type\":\"ImageObject\",\"inLanguage\":\"de\",\"@id\":\"https:\/\/chefdaniel.de\/#\/schema\/logo\/image\/\",\"url\":\"https:\/\/chefdaniel.de\/wp-content\/uploads\/2021\/01\/Chef-Daniel-Logo-_-final-blaue-Schrift-weisse-Schrift-2.png\",\"contentUrl\":\"https:\/\/chefdaniel.de\/wp-content\/uploads\/2021\/01\/Chef-Daniel-Logo-_-final-blaue-Schrift-weisse-Schrift-2.png\",\"width\":1080,\"height\":1080,\"caption\":\"Chef Daniel - Consulting\"},\"image\":{\"@id\":\"https:\/\/chefdaniel.de\/#\/schema\/logo\/image\/\"}}]}<\/script>\n<!-- \/ Yoast SEO plugin. -->","yoast_head_json":{"title":"Winzza am Weintreff Erbach mit Weinhof Martin - Chef Daniels Culinary Concepts - WINZZA","robots":{"index":"index","follow":"follow","max-snippet":"max-snippet:-1","max-image-preview":"max-image-preview:large","max-video-preview":"max-video-preview:-1"},"canonical":"https:\/\/chefdaniel.de\/?tribe_events=winzza-am-weintreff-erbach-mit-weinhof-martin-2&eventDate=2022-10-06","og_locale":"de_DE","og_type":"article","og_title":"Winzza am Weintreff Erbach mit Weinhof Martin - Chef Daniels Culinary Concepts - WINZZA","og_description":"Mit Weinhof Martin kommen wir an den Erbacher Weinstand und verw\u00f6hnen euch mit frischer Winzza. &nbsp; Nur bei gutem Wetter! \u00d6ffnungszeiten: Donnerstag: ab 17:00 Uhr Freitag: ab 16:00 Uhr Samstag: [&hellip;]","og_url":"https:\/\/chefdaniel.de\/?tribe_events=winzza-am-weintreff-erbach-mit-weinhof-martin-2&eventDate=2022-10-06","og_site_name":"Chef Daniels Culinary Concepts - WINZZA","og_image":[{"width":1024,"height":1024,"url":"https:\/\/chefdaniel.de\/wp-content\/uploads\/2022\/03\/weinhofMartin-1024x1024.png","type":"image\/png"}],"twitter_card":"summary_large_image","twitter_misc":{"Gesch\u00e4tzte Lesezeit":"2\u00a0Minuten"},"schema":{"@context":"https:\/\/schema.org","@graph":[{"@type":"WebPage","@id":"https:\/\/chefdaniel.de\/?tribe_events=winzza-am-weintreff-erbach-mit-weinhof-martin-2&eventDate=2022-10-06","url":"https:\/\/chefdaniel.de\/?tribe_events=winzza-am-weintreff-erbach-mit-weinhof-martin-2&eventDate=2022-10-06","name":"Winzza am Weintreff Erbach mit Weinhof Martin - Chef Daniels Culinary Concepts - WINZZA","isPartOf":{"@id":"https:\/\/chefdaniel.de\/#website"},"primaryImageOfPage":{"@id":"https:\/\/chefdaniel.de\/?tribe_events=winzza-am-weintreff-erbach-mit-weinhof-martin-2&eventDate=2022-10-06#primaryimage"},"image":{"@id":"https:\/\/chefdaniel.de\/?tribe_events=winzza-am-weintreff-erbach-mit-weinhof-martin-2&eventDate=2022-10-06#primaryimage"},"thumbnailUrl":"https:\/\/chefdaniel.de\/wp-content\/uploads\/2022\/03\/weinhofMartin.png","datePublished":"2023-05-23T13:05:14+00:00","breadcrumb":{"@id":"https:\/\/chefdaniel.de\/?tribe_events=winzza-am-weintreff-erbach-mit-weinhof-martin-2&eventDate=2022-10-06#breadcrumb"},"inLanguage":"de","potentialAction":[{"@type":"ReadAction","target":["https:\/\/chefdaniel.de\/?tribe_events=winzza-am-weintreff-erbach-mit-weinhof-martin-2&eventDate=2022-10-06"]}]},{"@type":"ImageObject","inLanguage":"de","@id":"https:\/\/chefdaniel.de\/?tribe_events=winzza-am-weintreff-erbach-mit-weinhof-martin-2&eventDate=2022-10-06#primaryimage","url":"https:\/\/chefdaniel.de\/wp-content\/uploads\/2022\/03\/weinhofMartin.png","contentUrl":"https:\/\/chefdaniel.de\/wp-content\/uploads\/2022\/03\/weinhofMartin.png","width":1280,"height":1280},{"@type":"BreadcrumbList","@id":"https:\/\/chefdaniel.de\/?tribe_events=winzza-am-weintreff-erbach-mit-weinhof-martin-2&eventDate=2022-10-06#breadcrumb","itemListElement":[{"@type":"ListItem","position":1,"name":"Startseite","item":"https:\/\/chefdaniel.de\/"},{"@type":"ListItem","position":2,"name":"Veranstaltungen","item":"https:\/\/chefdaniel.de\/?post_type=tribe_events"},{"@type":"ListItem","position":3,"name":"Winzza am Weintreff Erbach mit Weinhof Martin"}]},{"@type":"WebSite","@id":"https:\/\/chefdaniel.de\/#website","url":"https:\/\/chefdaniel.de\/","name":"CHEF DANIEL - CULINARY CONCEPTS","description":"kulinarische Rheingauer Genussmomente vom kreativen Foodie Chef Daniel regional, saisonal &amp; nachhaltig","publisher":{"@id":"https:\/\/chefdaniel.de\/#organization"},"potentialAction":[{"@type":"SearchAction","target":{"@type":"EntryPoint","urlTemplate":"https:\/\/chefdaniel.de\/?s={search_term_string}"},"query-input":{"@type":"PropertyValueSpecification","valueRequired":true,"valueName":"search_term_string"}}],"inLanguage":"de"},{"@type":"Organization","@id":"https:\/\/chefdaniel.de\/#organization","name":"Chef Daniel - Consulting","url":"https:\/\/chefdaniel.de\/","logo":{"@type":"ImageObject","inLanguage":"de","@id":"https:\/\/chefdaniel.de\/#\/schema\/logo\/image\/","url":"https:\/\/chefdaniel.de\/wp-content\/uploads\/2021\/01\/Chef-Daniel-Logo-_-final-blaue-Schrift-weisse-Schrift-2.png","contentUrl":"https:\/\/chefdaniel.de\/wp-content\/uploads\/2021\/01\/Chef-Daniel-Logo-_-final-blaue-Schrift-weisse-Schrift-2.png","width":1080,"height":1080,"caption":"Chef Daniel - Consulting"},"image":{"@id":"https:\/\/chefdaniel.de\/#\/schema\/logo\/image\/"}}]}},"_links":{"self":[{"href":"https:\/\/chefdaniel.de\/index.php?rest_route=\/wp\/v2\/tribe_events\/10000376","targetHints":{"allow":["GET"]}}],"collection":[{"href":"https:\/\/chefdaniel.de\/index.php?rest_route=\/wp\/v2\/tribe_events"}],"about":[{"href":"https:\/\/chefdaniel.de\/index.php?rest_route=\/wp\/v2\/types\/tribe_events"}],"author":[{"embeddable":true,"href":"https:\/\/chefdaniel.de\/index.php?rest_route=\/wp\/v2\/users\/1"}],"version-history":[{"count":0,"href":"https:\/\/chefdaniel.de\/index.php?rest_route=\/wp\/v2\/tribe_events\/10000376\/revisions"}],"wp:featuredmedia":[{"embeddable":true,"href":"https:\/\/chefdaniel.de\/index.php?rest_route=\/wp\/v2\/media\/1345"}],"wp:attachment":[{"href":"https:\/\/chefdaniel.de\/index.php?rest_route=%2Fwp%2Fv2%2Fmedia&parent=10000376"}],"wp:term":[{"taxonomy":"post_tag","embeddable":true,"href":"https:\/\/chefdaniel.de\/index.php?rest_route=%2Fwp%2Fv2%2Ftags&post=10000376"},{"taxonomy":"tribe_events_cat","embeddable":true,"href":"https:\/\/chefdaniel.de\/index.php?rest_route=%2Fwp%2Fv2%2Ftribe_events_cat&post=10000376"}],"curies":[{"name":"wp","href":"https:\/\/api.w.org\/{rel}","templated":true}]}}