{"id":10000199,"date":"2022-09-06T18:00:10","date_gmt":"2022-09-06T18:00:10","guid":{"rendered":"https:\/\/chefdaniel.de\/?post_type=tribe_events&#038;p=1453"},"modified":"2022-09-06T18:01:04","modified_gmt":"2022-09-06T18:01:04","slug":"winzza-auf-dem-wiesbadenerwochenmarkt","status":"publish","type":"tribe_events","link":"https:\/\/chefdaniel.de\/?tribe_events=winzza-auf-dem-wiesbadenerwochenmarkt&eventDate=2022-09-14","title":{"rendered":"Winzza auf dem Wiesbadener Wochenmarkt"},"content":{"rendered":"<h2><span style=\"font-family: arial, helvetica, sans-serif;\">Winzza goes Wiesbaden<\/span><\/h2>\n<p><span style=\"font-family: arial, helvetica, sans-serif;\">Jeden 1. &amp; 2. Samstag im Monat findet ihr uns ab sofort in Wiesbaden auf dem Dern&#8217;schen Gel\u00e4nde wo wir mit ofenfrischer Winzza und echtem Rheingauer Soulfood, die neu entstanden Schlemmereile des Wiesbadener Wochenmarktes unterst\u00fctzen. Immer einen Besuch wert.<\/span><\/p>\n<p><span style=\"font-family: arial, helvetica, sans-serif;\">Wir sind von 7:00 &#8211; 14:00 Uhr f\u00fcr dich vor Ort.\u00a0<\/span><\/p>\n<h4><span style=\"font-family: arial, helvetica, sans-serif; font-size: 8pt; color: #808080;\">more about Winzza:<\/span><\/h4>\n<p><span style=\"font-family: arial, helvetica, sans-serif; font-size: 8pt; color: #808080;\">Winzza ist ein mobiles Foodkonzept mit dem passendem Snack zum Wein. Unsere Winzza ist \u00a0knusprig wie ein Flammkuchen und dabei fluffig wie eine Pizza mit regional typischen Toppings belegt. So bringen wir beliebte Klassiker, wie den roten Spundek\u00e4se neu interpretiert auf den Tisch oder besser gesagt auf die Winzza. Der kreative Kopf bei Winzza, Chef Daniel ist immer auf der Suche nach dem perfekten Flavor Pairing und wechselt die Sorten saisonal durch. So wird auch f\u00fcr unserere Winzza Fans nicht langweilig. Wir freuen uns regionale Klassiker, wie Handk\u00e4se neu zu interpretieren oder \u00a0auch mal gr\u00fcne So\u00dfe auf die Winzza zu packen. Mit regionalen und saisonalen Bel\u00e4gen, bringen wir Abwechslung auf deinen Speiseplan. Dem derzeitigen Ern\u00e4hrungstrend gerecht werdend findet ihr bei uns auch immer eine vegan und pflanzenbasierte Sorte auf der Karte.<\/span><\/p>\n","protected":false},"excerpt":{"rendered":"<p>Winzza goes Wiesbaden Jeden 1. &amp; 2. Samstag im Monat findet ihr uns ab sofort in Wiesbaden auf dem Dern&#8217;schen Gel\u00e4nde wo wir mit ofenfrischer Winzza und echtem Rheingauer Soulfood, [&hellip;]<\/p>\n","protected":false},"author":1,"featured_media":1451,"template":"","meta":{"_tribe_events_status":"","_tribe_events_status_reason":"","_tribe_events_is_hybrid":"","_tribe_events_is_virtual":"","_tribe_events_virtual_video_source":"","_tribe_events_virtual_embed_video":"","_tribe_events_virtual_linked_button_text":"","_tribe_events_virtual_linked_button":"","_tribe_events_virtual_show_embed_at":"","_tribe_events_virtual_show_embed_to":[],"_tribe_events_virtual_show_on_event":"","_tribe_events_virtual_show_on_views":"","_tribe_events_virtual_url":"","footnotes":""},"tags":[43,42,15,44],"tribe_events_cat":[11],"class_list":["post-10000199","tribe_events","type-tribe_events","status-publish","has-post-thumbnail","hentry","tag-shopping","tag-wiesbaden","tag-winzza","tag-wochenmarkt","tribe_events_cat-events","cat_events","tribe-recurring-event","tribe-recurring-event-parent"],"yoast_head":"<!-- This site is optimized with the Yoast SEO plugin v26.8 - https:\/\/yoast.com\/product\/yoast-seo-wordpress\/ -->\n<title>Winzza auf dem Wiesbadener Wochenmarkt - Chef Daniels Culinary Concepts - WINZZA<\/title>\n<meta name=\"robots\" content=\"index, follow, max-snippet:-1, max-image-preview:large, max-video-preview:-1\" \/>\n<link rel=\"canonical\" href=\"https:\/\/chefdaniel.de\/?tribe_events=winzza-auf-dem-wiesbadenerwochenmarkt&eventDate=2022-09-14\" \/>\n<meta property=\"og:locale\" content=\"de_DE\" \/>\n<meta property=\"og:type\" content=\"article\" \/>\n<meta property=\"og:title\" content=\"Winzza auf dem Wiesbadener Wochenmarkt - Chef Daniels Culinary Concepts - WINZZA\" \/>\n<meta property=\"og:description\" content=\"Winzza goes Wiesbaden Jeden 1. &amp; 2. Samstag im Monat findet ihr uns ab sofort in Wiesbaden auf dem Dern&#8217;schen Gel\u00e4nde wo wir mit ofenfrischer Winzza und echtem Rheingauer Soulfood, [&hellip;]\" \/>\n<meta property=\"og:url\" content=\"https:\/\/chefdaniel.de\/?tribe_events=winzza-auf-dem-wiesbadenerwochenmarkt&amp;eventDate=2022-09-14\" \/>\n<meta property=\"og:site_name\" content=\"Chef Daniels Culinary Concepts - WINZZA\" \/>\n<meta property=\"article:modified_time\" content=\"2022-09-06T18:01:04+00:00\" \/>\n<meta property=\"og:image\" content=\"https:\/\/chefdaniel.de\/wp-content\/uploads\/2022\/09\/Winzza_Wochenmarkt.png\" \/>\n\t<meta property=\"og:image:width\" content=\"1280\" \/>\n\t<meta property=\"og:image:height\" content=\"1280\" \/>\n\t<meta property=\"og:image:type\" content=\"image\/png\" \/>\n<meta name=\"twitter:card\" content=\"summary_large_image\" \/>\n<meta name=\"twitter:label1\" content=\"Gesch\u00e4tzte Lesezeit\" \/>\n\t<meta name=\"twitter:data1\" content=\"2\u00a0Minuten\" \/>\n<script type=\"application\/ld+json\" class=\"yoast-schema-graph\">{\"@context\":\"https:\/\/schema.org\",\"@graph\":[{\"@type\":\"WebPage\",\"@id\":\"https:\/\/chefdaniel.de\/?tribe_events=winzza-auf-dem-wiesbadenerwochenmarkt&eventDate=2022-09-14\",\"url\":\"https:\/\/chefdaniel.de\/?tribe_events=winzza-auf-dem-wiesbadenerwochenmarkt&eventDate=2022-09-14\",\"name\":\"Winzza auf dem Wiesbadener Wochenmarkt - Chef Daniels Culinary Concepts - WINZZA\",\"isPartOf\":{\"@id\":\"https:\/\/chefdaniel.de\/#website\"},\"primaryImageOfPage\":{\"@id\":\"https:\/\/chefdaniel.de\/?tribe_events=winzza-auf-dem-wiesbadenerwochenmarkt&eventDate=2022-09-14#primaryimage\"},\"image\":{\"@id\":\"https:\/\/chefdaniel.de\/?tribe_events=winzza-auf-dem-wiesbadenerwochenmarkt&eventDate=2022-09-14#primaryimage\"},\"thumbnailUrl\":\"https:\/\/chefdaniel.de\/wp-content\/uploads\/2022\/09\/Winzza_Wochenmarkt.png\",\"datePublished\":\"2022-09-06T18:00:10+00:00\",\"dateModified\":\"2022-09-06T18:01:04+00:00\",\"breadcrumb\":{\"@id\":\"https:\/\/chefdaniel.de\/?tribe_events=winzza-auf-dem-wiesbadenerwochenmarkt&eventDate=2022-09-14#breadcrumb\"},\"inLanguage\":\"de\",\"potentialAction\":[{\"@type\":\"ReadAction\",\"target\":[\"https:\/\/chefdaniel.de\/?tribe_events=winzza-auf-dem-wiesbadenerwochenmarkt&eventDate=2022-09-14\"]}]},{\"@type\":\"ImageObject\",\"inLanguage\":\"de\",\"@id\":\"https:\/\/chefdaniel.de\/?tribe_events=winzza-auf-dem-wiesbadenerwochenmarkt&eventDate=2022-09-14#primaryimage\",\"url\":\"https:\/\/chefdaniel.de\/wp-content\/uploads\/2022\/09\/Winzza_Wochenmarkt.png\",\"contentUrl\":\"https:\/\/chefdaniel.de\/wp-content\/uploads\/2022\/09\/Winzza_Wochenmarkt.png\",\"width\":1280,\"height\":1280},{\"@type\":\"BreadcrumbList\",\"@id\":\"https:\/\/chefdaniel.de\/?tribe_events=winzza-auf-dem-wiesbadenerwochenmarkt&eventDate=2022-09-14#breadcrumb\",\"itemListElement\":[{\"@type\":\"ListItem\",\"position\":1,\"name\":\"Startseite\",\"item\":\"https:\/\/chefdaniel.de\/\"},{\"@type\":\"ListItem\",\"position\":2,\"name\":\"Veranstaltungen\",\"item\":\"https:\/\/chefdaniel.de\/?post_type=tribe_events\"},{\"@type\":\"ListItem\",\"position\":3,\"name\":\"Winzza auf dem Wiesbadener Wochenmarkt\"}]},{\"@type\":\"WebSite\",\"@id\":\"https:\/\/chefdaniel.de\/#website\",\"url\":\"https:\/\/chefdaniel.de\/\",\"name\":\"CHEF DANIEL - CULINARY CONCEPTS\",\"description\":\"kulinarische Rheingauer Genussmomente vom kreativen Foodie Chef Daniel regional, saisonal &amp; nachhaltig\",\"publisher\":{\"@id\":\"https:\/\/chefdaniel.de\/#organization\"},\"potentialAction\":[{\"@type\":\"SearchAction\",\"target\":{\"@type\":\"EntryPoint\",\"urlTemplate\":\"https:\/\/chefdaniel.de\/?s={search_term_string}\"},\"query-input\":{\"@type\":\"PropertyValueSpecification\",\"valueRequired\":true,\"valueName\":\"search_term_string\"}}],\"inLanguage\":\"de\"},{\"@type\":\"Organization\",\"@id\":\"https:\/\/chefdaniel.de\/#organization\",\"name\":\"Chef Daniel - Consulting\",\"url\":\"https:\/\/chefdaniel.de\/\",\"logo\":{\"@type\":\"ImageObject\",\"inLanguage\":\"de\",\"@id\":\"https:\/\/chefdaniel.de\/#\/schema\/logo\/image\/\",\"url\":\"https:\/\/chefdaniel.de\/wp-content\/uploads\/2021\/01\/Chef-Daniel-Logo-_-final-blaue-Schrift-weisse-Schrift-2.png\",\"contentUrl\":\"https:\/\/chefdaniel.de\/wp-content\/uploads\/2021\/01\/Chef-Daniel-Logo-_-final-blaue-Schrift-weisse-Schrift-2.png\",\"width\":1080,\"height\":1080,\"caption\":\"Chef Daniel - Consulting\"},\"image\":{\"@id\":\"https:\/\/chefdaniel.de\/#\/schema\/logo\/image\/\"}}]}<\/script>\n<!-- \/ Yoast SEO plugin. -->","yoast_head_json":{"title":"Winzza auf dem Wiesbadener Wochenmarkt - Chef Daniels Culinary Concepts - WINZZA","robots":{"index":"index","follow":"follow","max-snippet":"max-snippet:-1","max-image-preview":"max-image-preview:large","max-video-preview":"max-video-preview:-1"},"canonical":"https:\/\/chefdaniel.de\/?tribe_events=winzza-auf-dem-wiesbadenerwochenmarkt&eventDate=2022-09-14","og_locale":"de_DE","og_type":"article","og_title":"Winzza auf dem Wiesbadener Wochenmarkt - Chef Daniels Culinary Concepts - WINZZA","og_description":"Winzza goes Wiesbaden Jeden 1. &amp; 2. Samstag im Monat findet ihr uns ab sofort in Wiesbaden auf dem Dern&#8217;schen Gel\u00e4nde wo wir mit ofenfrischer Winzza und echtem Rheingauer Soulfood, [&hellip;]","og_url":"https:\/\/chefdaniel.de\/?tribe_events=winzza-auf-dem-wiesbadenerwochenmarkt&eventDate=2022-09-14","og_site_name":"Chef Daniels Culinary Concepts - WINZZA","article_modified_time":"2022-09-06T18:01:04+00:00","og_image":[{"width":1280,"height":1280,"url":"https:\/\/chefdaniel.de\/wp-content\/uploads\/2022\/09\/Winzza_Wochenmarkt.png","type":"image\/png"}],"twitter_card":"summary_large_image","twitter_misc":{"Gesch\u00e4tzte Lesezeit":"2\u00a0Minuten"},"schema":{"@context":"https:\/\/schema.org","@graph":[{"@type":"WebPage","@id":"https:\/\/chefdaniel.de\/?tribe_events=winzza-auf-dem-wiesbadenerwochenmarkt&eventDate=2022-09-14","url":"https:\/\/chefdaniel.de\/?tribe_events=winzza-auf-dem-wiesbadenerwochenmarkt&eventDate=2022-09-14","name":"Winzza auf dem Wiesbadener Wochenmarkt - Chef Daniels Culinary Concepts - WINZZA","isPartOf":{"@id":"https:\/\/chefdaniel.de\/#website"},"primaryImageOfPage":{"@id":"https:\/\/chefdaniel.de\/?tribe_events=winzza-auf-dem-wiesbadenerwochenmarkt&eventDate=2022-09-14#primaryimage"},"image":{"@id":"https:\/\/chefdaniel.de\/?tribe_events=winzza-auf-dem-wiesbadenerwochenmarkt&eventDate=2022-09-14#primaryimage"},"thumbnailUrl":"https:\/\/chefdaniel.de\/wp-content\/uploads\/2022\/09\/Winzza_Wochenmarkt.png","datePublished":"2022-09-06T18:00:10+00:00","dateModified":"2022-09-06T18:01:04+00:00","breadcrumb":{"@id":"https:\/\/chefdaniel.de\/?tribe_events=winzza-auf-dem-wiesbadenerwochenmarkt&eventDate=2022-09-14#breadcrumb"},"inLanguage":"de","potentialAction":[{"@type":"ReadAction","target":["https:\/\/chefdaniel.de\/?tribe_events=winzza-auf-dem-wiesbadenerwochenmarkt&eventDate=2022-09-14"]}]},{"@type":"ImageObject","inLanguage":"de","@id":"https:\/\/chefdaniel.de\/?tribe_events=winzza-auf-dem-wiesbadenerwochenmarkt&eventDate=2022-09-14#primaryimage","url":"https:\/\/chefdaniel.de\/wp-content\/uploads\/2022\/09\/Winzza_Wochenmarkt.png","contentUrl":"https:\/\/chefdaniel.de\/wp-content\/uploads\/2022\/09\/Winzza_Wochenmarkt.png","width":1280,"height":1280},{"@type":"BreadcrumbList","@id":"https:\/\/chefdaniel.de\/?tribe_events=winzza-auf-dem-wiesbadenerwochenmarkt&eventDate=2022-09-14#breadcrumb","itemListElement":[{"@type":"ListItem","position":1,"name":"Startseite","item":"https:\/\/chefdaniel.de\/"},{"@type":"ListItem","position":2,"name":"Veranstaltungen","item":"https:\/\/chefdaniel.de\/?post_type=tribe_events"},{"@type":"ListItem","position":3,"name":"Winzza auf dem Wiesbadener Wochenmarkt"}]},{"@type":"WebSite","@id":"https:\/\/chefdaniel.de\/#website","url":"https:\/\/chefdaniel.de\/","name":"CHEF DANIEL - CULINARY CONCEPTS","description":"kulinarische Rheingauer Genussmomente vom kreativen Foodie Chef Daniel regional, saisonal &amp; nachhaltig","publisher":{"@id":"https:\/\/chefdaniel.de\/#organization"},"potentialAction":[{"@type":"SearchAction","target":{"@type":"EntryPoint","urlTemplate":"https:\/\/chefdaniel.de\/?s={search_term_string}"},"query-input":{"@type":"PropertyValueSpecification","valueRequired":true,"valueName":"search_term_string"}}],"inLanguage":"de"},{"@type":"Organization","@id":"https:\/\/chefdaniel.de\/#organization","name":"Chef Daniel - Consulting","url":"https:\/\/chefdaniel.de\/","logo":{"@type":"ImageObject","inLanguage":"de","@id":"https:\/\/chefdaniel.de\/#\/schema\/logo\/image\/","url":"https:\/\/chefdaniel.de\/wp-content\/uploads\/2021\/01\/Chef-Daniel-Logo-_-final-blaue-Schrift-weisse-Schrift-2.png","contentUrl":"https:\/\/chefdaniel.de\/wp-content\/uploads\/2021\/01\/Chef-Daniel-Logo-_-final-blaue-Schrift-weisse-Schrift-2.png","width":1080,"height":1080,"caption":"Chef Daniel - Consulting"},"image":{"@id":"https:\/\/chefdaniel.de\/#\/schema\/logo\/image\/"}}]}},"_links":{"self":[{"href":"https:\/\/chefdaniel.de\/index.php?rest_route=\/wp\/v2\/tribe_events\/10000199","targetHints":{"allow":["GET"]}}],"collection":[{"href":"https:\/\/chefdaniel.de\/index.php?rest_route=\/wp\/v2\/tribe_events"}],"about":[{"href":"https:\/\/chefdaniel.de\/index.php?rest_route=\/wp\/v2\/types\/tribe_events"}],"author":[{"embeddable":true,"href":"https:\/\/chefdaniel.de\/index.php?rest_route=\/wp\/v2\/users\/1"}],"version-history":[{"count":0,"href":"https:\/\/chefdaniel.de\/index.php?rest_route=\/wp\/v2\/tribe_events\/10000199\/revisions"}],"wp:featuredmedia":[{"embeddable":true,"href":"https:\/\/chefdaniel.de\/index.php?rest_route=\/wp\/v2\/media\/1451"}],"wp:attachment":[{"href":"https:\/\/chefdaniel.de\/index.php?rest_route=%2Fwp%2Fv2%2Fmedia&parent=10000199"}],"wp:term":[{"taxonomy":"post_tag","embeddable":true,"href":"https:\/\/chefdaniel.de\/index.php?rest_route=%2Fwp%2Fv2%2Ftags&post=10000199"},{"taxonomy":"tribe_events_cat","embeddable":true,"href":"https:\/\/chefdaniel.de\/index.php?rest_route=%2Fwp%2Fv2%2Ftribe_events_cat&post=10000199"}],"curies":[{"name":"wp","href":"https:\/\/api.w.org\/{rel}","templated":true}]}}